{"id":318,"date":"2024-08-19T09:59:14","date_gmt":"2024-08-19T07:59:14","guid":{"rendered":"https:\/\/evja.pl\/?page_id=318"},"modified":"2025-03-13T14:27:17","modified_gmt":"2025-03-13T13:27:17","slug":"cieszyn","status":"publish","type":"page","link":"https:\/\/evja.pl\/index.php\/cieszyn\/","title":{"rendered":"Cieszyn"},"content":{"rendered":"\t\t<div data-elementor-type=\"wp-page\" data-elementor-id=\"318\" class=\"elementor elementor-318\">\n\t\t\t\t\t\t<section class=\"elementor-section elementor-top-section elementor-element elementor-element-af0f528 elementor-section-boxed elementor-section-height-default elementor-section-height-default\" data-id=\"af0f528\" data-element_type=\"section\">\n\t\t\t\t\t\t<div class=\"elementor-container elementor-column-gap-default\">\n\t\t\t\t\t<div class=\"elementor-column elementor-col-100 elementor-top-column elementor-element elementor-element-b44fbb3\" data-id=\"b44fbb3\" data-element_type=\"column\">\n\t\t\t<div class=\"elementor-widget-wrap elementor-element-populated\">\n\t\t\t\t\t\t<div class=\"elementor-element elementor-element-171357d elementor-widget elementor-widget-text-editor\" data-id=\"171357d\" data-element_type=\"widget\" data-widget_type=\"text-editor.default\">\n\t\t\t\t<div class=\"elementor-widget-container\">\n\t\t\t<style>\/*! elementor - v3.23.0 - 05-08-2024 *\/\n.elementor-widget-text-editor.elementor-drop-cap-view-stacked .elementor-drop-cap{background-color:#69727d;color:#fff}.elementor-widget-text-editor.elementor-drop-cap-view-framed .elementor-drop-cap{color:#69727d;border:3px solid;background-color:transparent}.elementor-widget-text-editor:not(.elementor-drop-cap-view-default) .elementor-drop-cap{margin-top:8px}.elementor-widget-text-editor:not(.elementor-drop-cap-view-default) .elementor-drop-cap-letter{width:1em;height:1em}.elementor-widget-text-editor .elementor-drop-cap{float:left;text-align:center;line-height:1;font-size:50px}.elementor-widget-text-editor .elementor-drop-cap-letter{display:inline-block}<\/style>\t\t\t\t<h1>Drukarnie blisko Cieszyna &#8211; druk kalendarzy<\/h1><p>Jako po\u0142o\u017cona blisko Cieszyna drukarnia offsetowa Evja, zajmujemy si\u0119 wydrukami do formatu B1. Wsp\u00f3\u0142pracujemy mi\u0119dzy innymi z agencjami reklamowymi i w\u0142a\u015bnie dla nich realizujemy materia\u0142y reklamowe. Dodatkowo drukujemy plakaty i inne projekty wysokiej jako\u015bci. To zawdzi\u0119czamy naszym sprz\u0119tom Heidelberg Speedmaster CD 102 5L. Gwarantuje on wyrazisto\u015b\u0107 detali i kolor\u00f3w w ka\u017cdej pracy. Ponadto wszystkie druki wielkoformatowe do B1, wedle \u017cyczenia klienta, mog\u0105 zosta\u0107 zalakierowane. U\u017cywamy lakier\u00f3w dyspersyjnych, co nadaje pracy wyko\u0144czenie b\u0142yszcz\u0105ce lub matowe. Mo\u017cna r\u00f3wnie\u017c lakierowa\u0107 lakierami UV oraz foliowa\u0107 foliami b\u0142yszcz\u0105cymi i matowymi.<\/p>\t\t\t\t\t\t<\/div>\n\t\t\t\t<\/div>\n\t\t\t\t\t<\/div>\n\t\t<\/div>\n\t\t\t\t\t<\/div>\n\t\t<\/section>\n\t\t\t\t<section class=\"elementor-section elementor-top-section elementor-element elementor-element-1c3b293 elementor-section-content-top elementor-section-boxed elementor-section-height-default elementor-section-height-default\" data-id=\"1c3b293\" data-element_type=\"section\">\n\t\t\t\t\t\t<div class=\"elementor-container elementor-column-gap-no\">\n\t\t\t\t\t<div class=\"elementor-column elementor-col-50 elementor-top-column elementor-element elementor-element-74efd43\" data-id=\"74efd43\" data-element_type=\"column\">\n\t\t\t<div class=\"elementor-widget-wrap elementor-element-populated\">\n\t\t\t\t\t\t<div class=\"elementor-element elementor-element-8eeac50 elementor-widget elementor-widget-text-editor\" data-id=\"8eeac50\" data-element_type=\"widget\" data-widget_type=\"text-editor.default\">\n\t\t\t\t<div class=\"elementor-widget-container\">\n\t\t\t\t\t\t\t<h2>Wydruk kalendarza w okolicach Cieszyna<\/h2><p>Nieod\u0142\u0105cznym elementem ka\u017cdego biura s\u0105 kalendarze. U\u0142atwiaj\u0105 wszystkim organizacj\u0119 pracy i codziennych obowi\u0105zk\u00f3w. Zajmujemy si\u0119 projektowaniem i drukowaniem kalendarzy ka\u017cdego formatu. Najpopularniejsze s\u0105 te \u015bcienne, tr\u00f3jdzielne. Widoczne na nich s\u0105 zar\u00f3wno obecny miesi\u0105c, jak i poprzedni oraz przysz\u0142y. Wszystkie projekty kalendarzy dla klient\u00f3w z Cieszyna i okolic wykonujemy wedle \u017cycze\u0144 klient\u00f3w, personalizujemy, dodaj\u0105c np. logo firmy. Drukujemy te\u017c kalendarze z gotowych pomys\u0142\u00f3w, kt\u00f3re dostarczaj\u0105 klienci.<\/p>\t\t\t\t\t\t<\/div>\n\t\t\t\t<\/div>\n\t\t\t\t\t<\/div>\n\t\t<\/div>\n\t\t\t\t<div class=\"elementor-column elementor-col-50 elementor-top-column elementor-element elementor-element-4610612\" data-id=\"4610612\" data-element_type=\"column\">\n\t\t\t<div class=\"elementor-widget-wrap elementor-element-populated\">\n\t\t\t\t\t\t<div class=\"elementor-element elementor-element-0f825f9 elementor-widget elementor-widget-image\" data-id=\"0f825f9\" data-element_type=\"widget\" data-widget_type=\"image.default\">\n\t\t\t\t<div class=\"elementor-widget-container\">\n\t\t\t<style>\/*! elementor - v3.23.0 - 05-08-2024 *\/\n.elementor-widget-image{text-align:center}.elementor-widget-image a{display:inline-block}.elementor-widget-image a img[src$=\".svg\"]{width:48px}.elementor-widget-image img{vertical-align:middle;display:inline-block}<\/style>\t\t\t\t\t\t\t\t\t\t<img fetchpriority=\"high\" decoding=\"async\" width=\"640\" height=\"425\" src=\"https:\/\/evja.pl\/wp-content\/uploads\/2024\/08\/plotter-2138990_640.jpg\" class=\"attachment-large size-large wp-image-387\" alt=\"drukowanie plakat\u00f3w bielsko\" srcset=\"https:\/\/evja.pl\/wp-content\/uploads\/2024\/08\/plotter-2138990_640.jpg 640w, https:\/\/evja.pl\/wp-content\/uploads\/2024\/08\/plotter-2138990_640-300x199.jpg 300w\" sizes=\"(max-width: 640px) 100vw, 640px\" \/>\t\t\t\t\t\t\t\t\t\t\t\t\t<\/div>\n\t\t\t\t<\/div>\n\t\t\t\t\t<\/div>\n\t\t<\/div>\n\t\t\t\t\t<\/div>\n\t\t<\/section>\n\t\t\t\t<section class=\"elementor-section elementor-top-section elementor-element elementor-element-4e950ac elementor-section-content-top elementor-section-boxed elementor-section-height-default elementor-section-height-default\" data-id=\"4e950ac\" data-element_type=\"section\">\n\t\t\t\t\t\t<div class=\"elementor-container elementor-column-gap-narrow\">\n\t\t\t\t\t<div class=\"elementor-column elementor-col-100 elementor-top-column elementor-element elementor-element-6ae46d1\" data-id=\"6ae46d1\" data-element_type=\"column\">\n\t\t\t<div class=\"elementor-widget-wrap elementor-element-populated\">\n\t\t\t\t\t\t<div class=\"elementor-element elementor-element-6ebb309 elementor-widget elementor-widget-text-editor\" data-id=\"6ebb309\" data-element_type=\"widget\" data-widget_type=\"text-editor.default\">\n\t\t\t\t<div class=\"elementor-widget-container\">\n\t\t\t\t\t\t\t<h2>Listwowanie wydruk\u00f3w<\/h2><p>W naszej drukarni ko\u0142o Cieszyna poza drukiem prac B1 i kalendarzy oferujemy te\u017c listwowanie naszych prac. Listwy s\u0105 laminowane foli\u0105 PCV, a do wyboru s\u0105 43 kolory z naszej palety, ka\u017cdy w wersji matowej lub b\u0142yszcz\u0105cej. Dodatkowo, na \u017cyczenie klienta, mo\u017cemy zrobi\u0107 listwy z otworami i zawieszkami. Do wyboru mamy wymiary od 30 do 100 cm. Listwy na tych drukach zabezpieczaj\u0105 je przed zniszczeniami i rolowaniem.<\/p><p>Je\u017celi interesuj\u0105 Pa\u0144stwa drukarnie w Cieszynie i okolicach, zach\u0119camy do zapoznania si\u0119 z nasz\u0105 ofert\u0105. W zale\u017cno\u015bci od wielko\u015bci zam\u00f3wienia umo\u017cliwiamy negocjacj\u0119 cenow\u0105 i darmow\u0105 dostaw\u0119. Wszystkie terminy p\u0142atno\u015bci dopasujemy do indywidualnych mo\u017cliwo\u015bci klienta oraz gwarantujemy szybk\u0105 realizacj\u0119 zam\u00f3wie\u0144!<\/p>\t\t\t\t\t\t<\/div>\n\t\t\t\t<\/div>\n\t\t\t\t\t<\/div>\n\t\t<\/div>\n\t\t\t\t\t<\/div>\n\t\t<\/section>\n\t\t\t\t<\/div>\n\t\t","protected":false},"excerpt":{"rendered":"<p>Drukarnie blisko Cieszyna &#8211; druk kalendarzy Jako po\u0142o\u017cona blisko Cieszyna drukarnia offsetowa Evja, zajmujemy si\u0119 wydrukami do formatu B1. Wsp\u00f3\u0142pracujemy [&hellip;]<\/p>\n","protected":false},"author":4,"featured_media":0,"parent":0,"menu_order":0,"comment_status":"closed","ping_status":"closed","template":"elementor_header_footer","meta":{"site-sidebar-layout":"no-sidebar","site-content-layout":"","ast-site-content-layout":"full-width-container","site-content-style":"default","site-sidebar-style":"default","ast-global-header-display":"","ast-banner-title-visibility":"","ast-main-header-display":"","ast-hfb-above-header-display":"","ast-hfb-below-header-display":"","ast-hfb-mobile-header-display":"","site-post-title":"Drukarnia offset Cieszyn | evja.pl","ast-breadcrumbs-content":"","ast-featured-img":"disabled","footer-sml-layout":"","theme-transparent-header-meta":"","adv-header-id-meta":"","stick-header-meta":"","header-above-stick-meta":"","header-main-stick-meta":"","header-below-stick-meta":"","astra-migrate-meta-layouts":"default","ast-page-background-enabled":"default","ast-page-background-meta":{"desktop":{"background-color":"var(--ast-global-color-4)","background-image":"","background-repeat":"repeat","background-position":"center center","background-size":"auto","background-attachment":"scroll","background-type":"","background-media":"","overlay-type":"","overlay-color":"","overlay-opacity":"","overlay-gradient":""},"tablet":{"background-color":"","background-image":"","background-repeat":"repeat","background-position":"center center","background-size":"auto","background-attachment":"scroll","background-type":"","background-media":"","overlay-type":"","overlay-color":"","overlay-opacity":"","overlay-gradient":""},"mobile":{"background-color":"","background-image":"","background-repeat":"repeat","background-position":"center center","background-size":"auto","background-attachment":"scroll","background-type":"","background-media":"","overlay-type":"","overlay-color":"","overlay-opacity":"","overlay-gradient":""}},"ast-content-background-meta":{"desktop":{"background-color":"var(--ast-global-color-5)","background-image":"","background-repeat":"repeat","background-position":"center center","background-size":"auto","background-attachment":"scroll","background-type":"","background-media":"","overlay-type":"","overlay-color":"","overlay-opacity":"","overlay-gradient":""},"tablet":{"background-color":"var(--ast-global-color-5)","background-image":"","background-repeat":"repeat","background-position":"center center","background-size":"auto","background-attachment":"scroll","background-type":"","background-media":"","overlay-type":"","overlay-color":"","overlay-opacity":"","overlay-gradient":""},"mobile":{"background-color":"var(--ast-global-color-5)","background-image":"","background-repeat":"repeat","background-position":"center center","background-size":"auto","background-attachment":"scroll","background-type":"","background-media":"","overlay-type":"","overlay-color":"","overlay-opacity":"","overlay-gradient":""}},"footnotes":""},"class_list":["post-318","page","type-page","status-publish","hentry"],"yoast_head":"<!-- This site is optimized with the Yoast SEO plugin v23.2 - https:\/\/yoast.com\/wordpress\/plugins\/seo\/ -->\n<title>Drukarnia offset Cieszyn | evja.pl<\/title>\n<meta name=\"description\" content=\"Zapraszamy klient\u00f3w biznesowych do wsp\u00f3\u0142pracy z nasz\u0105 drukarni\u0105 offsetow\u0105 Evja. Oferujemy druk kalendarzy oraz projekt\u00f3w do formatu B1.\" \/>\n<meta name=\"robots\" content=\"index, follow, max-snippet:-1, max-image-preview:large, max-video-preview:-1\" \/>\n<link rel=\"canonical\" href=\"https:\/\/evja.pl\/index.php\/cieszyn\/\" \/>\n<meta property=\"og:locale\" content=\"pl_PL\" \/>\n<meta property=\"og:type\" content=\"article\" \/>\n<meta property=\"og:title\" content=\"Drukarnia offset Cieszyn | evja.pl\" \/>\n<meta property=\"og:description\" content=\"Zapraszamy klient\u00f3w biznesowych do wsp\u00f3\u0142pracy z nasz\u0105 drukarni\u0105 offsetow\u0105 Evja. Oferujemy druk kalendarzy oraz projekt\u00f3w do formatu B1.\" \/>\n<meta property=\"og:url\" content=\"https:\/\/evja.pl\/index.php\/cieszyn\/\" \/>\n<meta property=\"og:site_name\" content=\"EVJA\" \/>\n<meta property=\"article:modified_time\" content=\"2025-03-13T13:27:17+00:00\" \/>\n<meta property=\"og:image\" content=\"https:\/\/evja.pl\/wp-content\/uploads\/2024\/08\/plotter-2138990_640.jpg\" \/>\n<meta name=\"twitter:card\" content=\"summary_large_image\" \/>\n<meta name=\"twitter:label1\" content=\"Szacowany czas czytania\" \/>\n\t<meta name=\"twitter:data1\" content=\"2 minuty\" \/>\n<script type=\"application\/ld+json\" class=\"yoast-schema-graph\">{\"@context\":\"https:\/\/schema.org\",\"@graph\":[{\"@type\":\"WebPage\",\"@id\":\"https:\/\/evja.pl\/index.php\/cieszyn\/\",\"url\":\"https:\/\/evja.pl\/index.php\/cieszyn\/\",\"name\":\"Drukarnia offset Cieszyn | evja.pl\",\"isPartOf\":{\"@id\":\"https:\/\/evja.pl\/#website\"},\"primaryImageOfPage\":{\"@id\":\"https:\/\/evja.pl\/index.php\/cieszyn\/#primaryimage\"},\"image\":{\"@id\":\"https:\/\/evja.pl\/index.php\/cieszyn\/#primaryimage\"},\"thumbnailUrl\":\"https:\/\/evja.pl\/wp-content\/uploads\/2024\/08\/plotter-2138990_640.jpg\",\"datePublished\":\"2024-08-19T07:59:14+00:00\",\"dateModified\":\"2025-03-13T13:27:17+00:00\",\"description\":\"Zapraszamy klient\u00f3w biznesowych do wsp\u00f3\u0142pracy z nasz\u0105 drukarni\u0105 offsetow\u0105 Evja. Oferujemy druk kalendarzy oraz projekt\u00f3w do formatu B1.\",\"breadcrumb\":{\"@id\":\"https:\/\/evja.pl\/index.php\/cieszyn\/#breadcrumb\"},\"inLanguage\":\"pl-PL\",\"potentialAction\":[{\"@type\":\"ReadAction\",\"target\":[\"https:\/\/evja.pl\/index.php\/cieszyn\/\"]}]},{\"@type\":\"ImageObject\",\"inLanguage\":\"pl-PL\",\"@id\":\"https:\/\/evja.pl\/index.php\/cieszyn\/#primaryimage\",\"url\":\"https:\/\/evja.pl\/wp-content\/uploads\/2024\/08\/plotter-2138990_640.jpg\",\"contentUrl\":\"https:\/\/evja.pl\/wp-content\/uploads\/2024\/08\/plotter-2138990_640.jpg\",\"width\":640,\"height\":425,\"caption\":\"drukowanie plakat\u00f3w bielsko\"},{\"@type\":\"BreadcrumbList\",\"@id\":\"https:\/\/evja.pl\/index.php\/cieszyn\/#breadcrumb\",\"itemListElement\":[{\"@type\":\"ListItem\",\"position\":1,\"name\":\"Strona g\u0142\u00f3wna\",\"item\":\"https:\/\/evja.pl\/\"},{\"@type\":\"ListItem\",\"position\":2,\"name\":\"Cieszyn\"}]},{\"@type\":\"WebSite\",\"@id\":\"https:\/\/evja.pl\/#website\",\"url\":\"https:\/\/evja.pl\/\",\"name\":\"EVJA\",\"description\":\"\",\"publisher\":{\"@id\":\"https:\/\/evja.pl\/#organization\"},\"potentialAction\":[{\"@type\":\"SearchAction\",\"target\":{\"@type\":\"EntryPoint\",\"urlTemplate\":\"https:\/\/evja.pl\/?s={search_term_string}\"},\"query-input\":\"required name=search_term_string\"}],\"inLanguage\":\"pl-PL\"},{\"@type\":\"Organization\",\"@id\":\"https:\/\/evja.pl\/#organization\",\"name\":\"EVJA\",\"url\":\"https:\/\/evja.pl\/\",\"logo\":{\"@type\":\"ImageObject\",\"inLanguage\":\"pl-PL\",\"@id\":\"https:\/\/evja.pl\/#\/schema\/logo\/image\/\",\"url\":\"https:\/\/evja.pl\/wp-content\/uploads\/2022\/02\/cropped-cropped-evjalogomail-1.png\",\"contentUrl\":\"https:\/\/evja.pl\/wp-content\/uploads\/2022\/02\/cropped-cropped-evjalogomail-1.png\",\"width\":81,\"height\":85,\"caption\":\"EVJA\"},\"image\":{\"@id\":\"https:\/\/evja.pl\/#\/schema\/logo\/image\/\"}}]}<\/script>\n<!-- \/ Yoast SEO plugin. -->","yoast_head_json":{"title":"Drukarnia offset Cieszyn | evja.pl","description":"Zapraszamy klient\u00f3w biznesowych do wsp\u00f3\u0142pracy z nasz\u0105 drukarni\u0105 offsetow\u0105 Evja. Oferujemy druk kalendarzy oraz projekt\u00f3w do formatu B1.","robots":{"index":"index","follow":"follow","max-snippet":"max-snippet:-1","max-image-preview":"max-image-preview:large","max-video-preview":"max-video-preview:-1"},"canonical":"https:\/\/evja.pl\/index.php\/cieszyn\/","og_locale":"pl_PL","og_type":"article","og_title":"Drukarnia offset Cieszyn | evja.pl","og_description":"Zapraszamy klient\u00f3w biznesowych do wsp\u00f3\u0142pracy z nasz\u0105 drukarni\u0105 offsetow\u0105 Evja. Oferujemy druk kalendarzy oraz projekt\u00f3w do formatu B1.","og_url":"https:\/\/evja.pl\/index.php\/cieszyn\/","og_site_name":"EVJA","article_modified_time":"2025-03-13T13:27:17+00:00","og_image":[{"url":"https:\/\/evja.pl\/wp-content\/uploads\/2024\/08\/plotter-2138990_640.jpg"}],"twitter_card":"summary_large_image","twitter_misc":{"Szacowany czas czytania":"2 minuty"},"schema":{"@context":"https:\/\/schema.org","@graph":[{"@type":"WebPage","@id":"https:\/\/evja.pl\/index.php\/cieszyn\/","url":"https:\/\/evja.pl\/index.php\/cieszyn\/","name":"Drukarnia offset Cieszyn | evja.pl","isPartOf":{"@id":"https:\/\/evja.pl\/#website"},"primaryImageOfPage":{"@id":"https:\/\/evja.pl\/index.php\/cieszyn\/#primaryimage"},"image":{"@id":"https:\/\/evja.pl\/index.php\/cieszyn\/#primaryimage"},"thumbnailUrl":"https:\/\/evja.pl\/wp-content\/uploads\/2024\/08\/plotter-2138990_640.jpg","datePublished":"2024-08-19T07:59:14+00:00","dateModified":"2025-03-13T13:27:17+00:00","description":"Zapraszamy klient\u00f3w biznesowych do wsp\u00f3\u0142pracy z nasz\u0105 drukarni\u0105 offsetow\u0105 Evja. Oferujemy druk kalendarzy oraz projekt\u00f3w do formatu B1.","breadcrumb":{"@id":"https:\/\/evja.pl\/index.php\/cieszyn\/#breadcrumb"},"inLanguage":"pl-PL","potentialAction":[{"@type":"ReadAction","target":["https:\/\/evja.pl\/index.php\/cieszyn\/"]}]},{"@type":"ImageObject","inLanguage":"pl-PL","@id":"https:\/\/evja.pl\/index.php\/cieszyn\/#primaryimage","url":"https:\/\/evja.pl\/wp-content\/uploads\/2024\/08\/plotter-2138990_640.jpg","contentUrl":"https:\/\/evja.pl\/wp-content\/uploads\/2024\/08\/plotter-2138990_640.jpg","width":640,"height":425,"caption":"drukowanie plakat\u00f3w bielsko"},{"@type":"BreadcrumbList","@id":"https:\/\/evja.pl\/index.php\/cieszyn\/#breadcrumb","itemListElement":[{"@type":"ListItem","position":1,"name":"Strona g\u0142\u00f3wna","item":"https:\/\/evja.pl\/"},{"@type":"ListItem","position":2,"name":"Cieszyn"}]},{"@type":"WebSite","@id":"https:\/\/evja.pl\/#website","url":"https:\/\/evja.pl\/","name":"EVJA","description":"","publisher":{"@id":"https:\/\/evja.pl\/#organization"},"potentialAction":[{"@type":"SearchAction","target":{"@type":"EntryPoint","urlTemplate":"https:\/\/evja.pl\/?s={search_term_string}"},"query-input":"required name=search_term_string"}],"inLanguage":"pl-PL"},{"@type":"Organization","@id":"https:\/\/evja.pl\/#organization","name":"EVJA","url":"https:\/\/evja.pl\/","logo":{"@type":"ImageObject","inLanguage":"pl-PL","@id":"https:\/\/evja.pl\/#\/schema\/logo\/image\/","url":"https:\/\/evja.pl\/wp-content\/uploads\/2022\/02\/cropped-cropped-evjalogomail-1.png","contentUrl":"https:\/\/evja.pl\/wp-content\/uploads\/2022\/02\/cropped-cropped-evjalogomail-1.png","width":81,"height":85,"caption":"EVJA"},"image":{"@id":"https:\/\/evja.pl\/#\/schema\/logo\/image\/"}}]}},"_links":{"self":[{"href":"https:\/\/evja.pl\/index.php\/wp-json\/wp\/v2\/pages\/318","targetHints":{"allow":["GET"]}}],"collection":[{"href":"https:\/\/evja.pl\/index.php\/wp-json\/wp\/v2\/pages"}],"about":[{"href":"https:\/\/evja.pl\/index.php\/wp-json\/wp\/v2\/types\/page"}],"author":[{"embeddable":true,"href":"https:\/\/evja.pl\/index.php\/wp-json\/wp\/v2\/users\/4"}],"replies":[{"embeddable":true,"href":"https:\/\/evja.pl\/index.php\/wp-json\/wp\/v2\/comments?post=318"}],"version-history":[{"count":19,"href":"https:\/\/evja.pl\/index.php\/wp-json\/wp\/v2\/pages\/318\/revisions"}],"predecessor-version":[{"id":529,"href":"https:\/\/evja.pl\/index.php\/wp-json\/wp\/v2\/pages\/318\/revisions\/529"}],"wp:attachment":[{"href":"https:\/\/evja.pl\/index.php\/wp-json\/wp\/v2\/media?parent=318"}],"curies":[{"name":"wp","href":"https:\/\/api.w.org\/{rel}","templated":true}]}}