{"id":362,"date":"2024-08-22T10:51:41","date_gmt":"2024-08-22T08:51:41","guid":{"rendered":"https:\/\/evja.pl\/?page_id=362"},"modified":"2024-08-22T11:24:19","modified_gmt":"2024-08-22T09:24:19","slug":"zywiec","status":"publish","type":"page","link":"https:\/\/evja.pl\/index.php\/zywiec\/","title":{"rendered":"\u017bywiec"},"content":{"rendered":"\t\t<div data-elementor-type=\"wp-page\" data-elementor-id=\"362\" class=\"elementor elementor-362\">\n\t\t\t\t\t\t<section class=\"elementor-section elementor-top-section elementor-element elementor-element-af0f528 elementor-section-boxed elementor-section-height-default elementor-section-height-default\" data-id=\"af0f528\" data-element_type=\"section\">\n\t\t\t\t\t\t<div class=\"elementor-container elementor-column-gap-default\">\n\t\t\t\t\t<div class=\"elementor-column elementor-col-100 elementor-top-column elementor-element elementor-element-b44fbb3\" data-id=\"b44fbb3\" data-element_type=\"column\">\n\t\t\t<div class=\"elementor-widget-wrap elementor-element-populated\">\n\t\t\t\t\t\t<div class=\"elementor-element elementor-element-171357d elementor-widget elementor-widget-text-editor\" data-id=\"171357d\" data-element_type=\"widget\" data-widget_type=\"text-editor.default\">\n\t\t\t\t<div class=\"elementor-widget-container\">\n\t\t\t<style>\/*! elementor - v3.23.0 - 05-08-2024 *\/\n.elementor-widget-text-editor.elementor-drop-cap-view-stacked .elementor-drop-cap{background-color:#69727d;color:#fff}.elementor-widget-text-editor.elementor-drop-cap-view-framed .elementor-drop-cap{color:#69727d;border:3px solid;background-color:transparent}.elementor-widget-text-editor:not(.elementor-drop-cap-view-default) .elementor-drop-cap{margin-top:8px}.elementor-widget-text-editor:not(.elementor-drop-cap-view-default) .elementor-drop-cap-letter{width:1em;height:1em}.elementor-widget-text-editor .elementor-drop-cap{float:left;text-align:center;line-height:1;font-size:50px}.elementor-widget-text-editor .elementor-drop-cap-letter{display:inline-block}<\/style>\t\t\t\t<h1>Druk kalendarza &#8211; \u017bywiec<\/h1><p>Oferujemy druk kalendarza firmom z \u017bywca. Dzi\u0119ki wieloletniemu do\u015bwiadczeniu w bran\u017cy poligraficznej i wykorzystywaniu nowoczesnych technologii gwarantujemy najwy\u017csz\u0105 jako\u015b\u0107, precyzj\u0119 wykonania i personalizacj\u0119 ka\u017cdego zam\u00f3wienia. W\u015br\u00f3d drukarni, kt\u00f3re firmom z \u017bywca oferuj\u0105 swoje us\u0142ugi, wyr\u00f3\u017cniamy si\u0119 profesjonalizmem i elastycznym podej\u015bciem do potrzeb naszych klient\u00f3w.<\/p>\t\t\t\t\t\t<\/div>\n\t\t\t\t<\/div>\n\t\t\t\t\t<\/div>\n\t\t<\/div>\n\t\t\t\t\t<\/div>\n\t\t<\/section>\n\t\t\t\t<section class=\"elementor-section elementor-top-section elementor-element elementor-element-1c3b293 elementor-section-content-middle elementor-section-boxed elementor-section-height-default elementor-section-height-default\" data-id=\"1c3b293\" data-element_type=\"section\">\n\t\t\t\t\t\t<div class=\"elementor-container elementor-column-gap-no\">\n\t\t\t\t\t<div class=\"elementor-column elementor-col-50 elementor-top-column elementor-element elementor-element-74efd43\" data-id=\"74efd43\" data-element_type=\"column\">\n\t\t\t<div class=\"elementor-widget-wrap elementor-element-populated\">\n\t\t\t\t\t\t<div class=\"elementor-element elementor-element-8eeac50 elementor-widget elementor-widget-text-editor\" data-id=\"8eeac50\" data-element_type=\"widget\" data-widget_type=\"text-editor.default\">\n\t\t\t\t<div class=\"elementor-widget-container\">\n\t\t\t\t\t\t\t<h2>Profesjonalny druk Evja w \u017bywcu<\/h2><p>Kalendarz z naszego druku nie tylko pomaga w organizacji codziennej pracy, ale r\u00f3wnie\u017c stanowi elegancki no\u015bnik reklamy. Dzi\u0119ki perfekcyjnemu wykonaniu spe\u0142nia oczekiwania pod wzgl\u0119dem doskona\u0142ej trwa\u0142o\u015bci i estetyki, sprawiaj\u0105c, \u017ce staje si\u0119 przemy\u015blanym dodatkiem do ka\u017cdego biura. Solidne materia\u0142y i precyzyjny druk kalendarza &#8211; oferowany do formatu B1 &#8211; podkre\u015bli to\u017csamo\u015b\u0107 i warto\u015bci firmy. Produkt jest nie tylko praktyczn\u0105 i stylow\u0105 cz\u0119\u015bci\u0105 wystroju biura czy domu, ale tak\u017ce efektownym elementem marketingowym, kt\u00f3ry wzmacnia wizerunek marki w\u015br\u00f3d klient\u00f3w, pracownik\u00f3w i partner\u00f3w biznesowych.<\/p>\t\t\t\t\t\t<\/div>\n\t\t\t\t<\/div>\n\t\t\t\t\t<\/div>\n\t\t<\/div>\n\t\t\t\t<div class=\"elementor-column elementor-col-50 elementor-top-column elementor-element elementor-element-4610612\" data-id=\"4610612\" data-element_type=\"column\">\n\t\t\t<div class=\"elementor-widget-wrap elementor-element-populated\">\n\t\t\t\t\t\t<div class=\"elementor-element elementor-element-0f825f9 elementor-widget elementor-widget-image\" data-id=\"0f825f9\" data-element_type=\"widget\" data-widget_type=\"image.default\">\n\t\t\t\t<div class=\"elementor-widget-container\">\n\t\t\t<style>\/*! elementor - v3.23.0 - 05-08-2024 *\/\n.elementor-widget-image{text-align:center}.elementor-widget-image a{display:inline-block}.elementor-widget-image a img[src$=\".svg\"]{width:48px}.elementor-widget-image img{vertical-align:middle;display:inline-block}<\/style>\t\t\t\t\t\t\t\t\t\t<img decoding=\"async\" src=\"https:\/\/evja.pl\/wp-content\/uploads\/elementor\/thumbs\/printer-1373258_640-qsz7kjireh4dzj3kecxrpwp0rmahohp7c067ngjxie.jpg\" title=\"printer-1373258_640\" alt=\"printer-1373258_640\" loading=\"lazy\" \/>\t\t\t\t\t\t\t\t\t\t\t\t\t<\/div>\n\t\t\t\t<\/div>\n\t\t\t\t\t<\/div>\n\t\t<\/div>\n\t\t\t\t\t<\/div>\n\t\t<\/section>\n\t\t\t\t<section class=\"elementor-section elementor-top-section elementor-element elementor-element-4e950ac elementor-section-content-top elementor-section-boxed elementor-section-height-default elementor-section-height-default\" data-id=\"4e950ac\" data-element_type=\"section\">\n\t\t\t\t\t\t<div class=\"elementor-container elementor-column-gap-narrow\">\n\t\t\t\t\t<div class=\"elementor-column elementor-col-100 elementor-top-column elementor-element elementor-element-6ae46d1\" data-id=\"6ae46d1\" data-element_type=\"column\">\n\t\t\t<div class=\"elementor-widget-wrap elementor-element-populated\">\n\t\t\t\t\t\t<div class=\"elementor-element elementor-element-6ebb309 elementor-widget elementor-widget-text-editor\" data-id=\"6ebb309\" data-element_type=\"widget\" data-widget_type=\"text-editor.default\">\n\t\t\t\t<div class=\"elementor-widget-container\">\n\t\t\t\t\t\t\t<h2>Druk kalendarza tr\u00f3jdzielnego<\/h2><p>Kalendarz tr\u00f3jdzielny to nieocenione narz\u0119dzie w biurach, kt\u00f3re pozwala na bie\u017c\u0105co \u015bledzi\u0107 kilka miesi\u0119cy naraz. Produkt ten doskonale \u0142\u0105czy praktyczno\u015b\u0107 z eleganckim wygl\u0105dem, gwarantuj\u0105c przejrzysto\u015b\u0107 i \u0142atwo\u015b\u0107 odczytu przez ca\u0142y czas jego u\u017cytkowania. Oferowany przez nas druk kalendarza dla firm z \u017bywca wyr\u00f3\u017cnia si\u0119 najwy\u017csz\u0105 jako\u015bci\u0105. Dbamy o szczeg\u00f3\u0142y, pocz\u0105wszy od wyra\u017anych i trwa\u0142ych barw, po solidne materia\u0142y, kt\u00f3re zapewniaj\u0105 d\u0142ugotrwa\u0142e u\u017cytkowanie. U nas z \u0142atwo\u015bci\u0105 mo\u017cna dopasowa\u0107 wygl\u0105d kalendarza do danej specyfiki biura.<\/p><p>Wybieraj\u0105c nasz\u0105 profesjonaln\u0105 drukarni\u0119, zyskuje si\u0119 partnera, kt\u00f3ry dba o ka\u017cdy aspekt zam\u00f3wienia. Zapraszamy po perfekcyjny kalendarz!<\/p>\t\t\t\t\t\t<\/div>\n\t\t\t\t<\/div>\n\t\t\t\t\t<\/div>\n\t\t<\/div>\n\t\t\t\t\t<\/div>\n\t\t<\/section>\n\t\t\t\t<\/div>\n\t\t","protected":false},"excerpt":{"rendered":"<p>Druk kalendarza &#8211; \u017bywiec Oferujemy druk kalendarza firmom z \u017bywca. Dzi\u0119ki wieloletniemu do\u015bwiadczeniu w bran\u017cy poligraficznej i wykorzystywaniu nowoczesnych technologii [&hellip;]<\/p>\n","protected":false},"author":4,"featured_media":0,"parent":0,"menu_order":0,"comment_status":"closed","ping_status":"closed","template":"elementor_header_footer","meta":{"site-sidebar-layout":"no-sidebar","site-content-layout":"","ast-site-content-layout":"full-width-container","site-content-style":"default","site-sidebar-style":"default","ast-global-header-display":"","ast-banner-title-visibility":"","ast-main-header-display":"","ast-hfb-above-header-display":"","ast-hfb-below-header-display":"","ast-hfb-mobile-header-display":"","site-post-title":"Drukarnia offset Cieszyn | evja.pl","ast-breadcrumbs-content":"","ast-featured-img":"disabled","footer-sml-layout":"","theme-transparent-header-meta":"","adv-header-id-meta":"","stick-header-meta":"","header-above-stick-meta":"","header-main-stick-meta":"","header-below-stick-meta":"","astra-migrate-meta-layouts":"default","ast-page-background-enabled":"default","ast-page-background-meta":{"desktop":{"background-color":"var(--ast-global-color-4)","background-image":"","background-repeat":"repeat","background-position":"center center","background-size":"auto","background-attachment":"scroll","background-type":"","background-media":"","overlay-type":"","overlay-color":"","overlay-opacity":"","overlay-gradient":""},"tablet":{"background-color":"","background-image":"","background-repeat":"repeat","background-position":"center center","background-size":"auto","background-attachment":"scroll","background-type":"","background-media":"","overlay-type":"","overlay-color":"","overlay-opacity":"","overlay-gradient":""},"mobile":{"background-color":"","background-image":"","background-repeat":"repeat","background-position":"center center","background-size":"auto","background-attachment":"scroll","background-type":"","background-media":"","overlay-type":"","overlay-color":"","overlay-opacity":"","overlay-gradient":""}},"ast-content-background-meta":{"desktop":{"background-color":"var(--ast-global-color-5)","background-image":"","background-repeat":"repeat","background-position":"center center","background-size":"auto","background-attachment":"scroll","background-type":"","background-media":"","overlay-type":"","overlay-color":"","overlay-opacity":"","overlay-gradient":""},"tablet":{"background-color":"var(--ast-global-color-5)","background-image":"","background-repeat":"repeat","background-position":"center center","background-size":"auto","background-attachment":"scroll","background-type":"","background-media":"","overlay-type":"","overlay-color":"","overlay-opacity":"","overlay-gradient":""},"mobile":{"background-color":"var(--ast-global-color-5)","background-image":"","background-repeat":"repeat","background-position":"center center","background-size":"auto","background-attachment":"scroll","background-type":"","background-media":"","overlay-type":"","overlay-color":"","overlay-opacity":"","overlay-gradient":""}},"footnotes":""},"class_list":["post-362","page","type-page","status-publish","hentry"],"yoast_head":"<!-- This site is optimized with the Yoast SEO plugin v23.2 - https:\/\/yoast.com\/wordpress\/plugins\/seo\/ -->\n<title>Druk kalendarza \u017bywiec | evja.pl<\/title>\n<meta name=\"description\" content=\"Oferujemy profesjonalny druk kalendarzy dla firm! Bez problemu wykonujemy trwa\u0142y i estetyczny druk do formatu B1, dbaj\u0105c o terminowo\u015b\u0107. Zapraszamy!\" \/>\n<meta name=\"robots\" content=\"index, follow, max-snippet:-1, max-image-preview:large, max-video-preview:-1\" \/>\n<link rel=\"canonical\" href=\"https:\/\/evja.pl\/index.php\/zywiec\/\" \/>\n<meta property=\"og:locale\" content=\"pl_PL\" \/>\n<meta property=\"og:type\" content=\"article\" \/>\n<meta property=\"og:title\" content=\"Druk kalendarza \u017bywiec | evja.pl\" \/>\n<meta property=\"og:description\" content=\"Oferujemy profesjonalny druk kalendarzy dla firm! Bez problemu wykonujemy trwa\u0142y i estetyczny druk do formatu B1, dbaj\u0105c o terminowo\u015b\u0107. Zapraszamy!\" \/>\n<meta property=\"og:url\" content=\"https:\/\/evja.pl\/index.php\/zywiec\/\" \/>\n<meta property=\"og:site_name\" content=\"EVJA\" \/>\n<meta property=\"article:modified_time\" content=\"2024-08-22T09:24:19+00:00\" \/>\n<meta property=\"og:image\" content=\"https:\/\/evja.pl\/wp-content\/uploads\/elementor\/thumbs\/printer-1373258_640-qsz7kjireh4dzj3kecxrpwp0rmahohp7c067ngjxie.jpg\" \/>\n<meta name=\"twitter:card\" content=\"summary_large_image\" \/>\n<meta name=\"twitter:label1\" content=\"Szacowany czas czytania\" \/>\n\t<meta name=\"twitter:data1\" content=\"2 minuty\" \/>\n<script type=\"application\/ld+json\" class=\"yoast-schema-graph\">{\"@context\":\"https:\/\/schema.org\",\"@graph\":[{\"@type\":\"WebPage\",\"@id\":\"https:\/\/evja.pl\/index.php\/zywiec\/\",\"url\":\"https:\/\/evja.pl\/index.php\/zywiec\/\",\"name\":\"Druk kalendarza \u017bywiec | evja.pl\",\"isPartOf\":{\"@id\":\"https:\/\/evja.pl\/#website\"},\"primaryImageOfPage\":{\"@id\":\"https:\/\/evja.pl\/index.php\/zywiec\/#primaryimage\"},\"image\":{\"@id\":\"https:\/\/evja.pl\/index.php\/zywiec\/#primaryimage\"},\"thumbnailUrl\":\"https:\/\/evja.pl\/wp-content\/uploads\/elementor\/thumbs\/printer-1373258_640-qsz7kjireh4dzj3kecxrpwp0rmahohp7c067ngjxie.jpg\",\"datePublished\":\"2024-08-22T08:51:41+00:00\",\"dateModified\":\"2024-08-22T09:24:19+00:00\",\"description\":\"Oferujemy profesjonalny druk kalendarzy dla firm! Bez problemu wykonujemy trwa\u0142y i estetyczny druk do formatu B1, dbaj\u0105c o terminowo\u015b\u0107. Zapraszamy!\",\"breadcrumb\":{\"@id\":\"https:\/\/evja.pl\/index.php\/zywiec\/#breadcrumb\"},\"inLanguage\":\"pl-PL\",\"potentialAction\":[{\"@type\":\"ReadAction\",\"target\":[\"https:\/\/evja.pl\/index.php\/zywiec\/\"]}]},{\"@type\":\"ImageObject\",\"inLanguage\":\"pl-PL\",\"@id\":\"https:\/\/evja.pl\/index.php\/zywiec\/#primaryimage\",\"url\":\"https:\/\/evja.pl\/wp-content\/uploads\/elementor\/thumbs\/printer-1373258_640-qsz7kjireh4dzj3kecxrpwp0rmahohp7c067ngjxie.jpg\",\"contentUrl\":\"https:\/\/evja.pl\/wp-content\/uploads\/elementor\/thumbs\/printer-1373258_640-qsz7kjireh4dzj3kecxrpwp0rmahohp7c067ngjxie.jpg\"},{\"@type\":\"BreadcrumbList\",\"@id\":\"https:\/\/evja.pl\/index.php\/zywiec\/#breadcrumb\",\"itemListElement\":[{\"@type\":\"ListItem\",\"position\":1,\"name\":\"Strona g\u0142\u00f3wna\",\"item\":\"https:\/\/evja.pl\/\"},{\"@type\":\"ListItem\",\"position\":2,\"name\":\"\u017bywiec\"}]},{\"@type\":\"WebSite\",\"@id\":\"https:\/\/evja.pl\/#website\",\"url\":\"https:\/\/evja.pl\/\",\"name\":\"EVJA\",\"description\":\"\",\"publisher\":{\"@id\":\"https:\/\/evja.pl\/#organization\"},\"potentialAction\":[{\"@type\":\"SearchAction\",\"target\":{\"@type\":\"EntryPoint\",\"urlTemplate\":\"https:\/\/evja.pl\/?s={search_term_string}\"},\"query-input\":\"required name=search_term_string\"}],\"inLanguage\":\"pl-PL\"},{\"@type\":\"Organization\",\"@id\":\"https:\/\/evja.pl\/#organization\",\"name\":\"EVJA\",\"url\":\"https:\/\/evja.pl\/\",\"logo\":{\"@type\":\"ImageObject\",\"inLanguage\":\"pl-PL\",\"@id\":\"https:\/\/evja.pl\/#\/schema\/logo\/image\/\",\"url\":\"https:\/\/evja.pl\/wp-content\/uploads\/2022\/02\/cropped-cropped-evjalogomail-1.png\",\"contentUrl\":\"https:\/\/evja.pl\/wp-content\/uploads\/2022\/02\/cropped-cropped-evjalogomail-1.png\",\"width\":81,\"height\":85,\"caption\":\"EVJA\"},\"image\":{\"@id\":\"https:\/\/evja.pl\/#\/schema\/logo\/image\/\"}}]}<\/script>\n<!-- \/ Yoast SEO plugin. -->","yoast_head_json":{"title":"Druk kalendarza \u017bywiec | evja.pl","description":"Oferujemy profesjonalny druk kalendarzy dla firm! Bez problemu wykonujemy trwa\u0142y i estetyczny druk do formatu B1, dbaj\u0105c o terminowo\u015b\u0107. Zapraszamy!","robots":{"index":"index","follow":"follow","max-snippet":"max-snippet:-1","max-image-preview":"max-image-preview:large","max-video-preview":"max-video-preview:-1"},"canonical":"https:\/\/evja.pl\/index.php\/zywiec\/","og_locale":"pl_PL","og_type":"article","og_title":"Druk kalendarza \u017bywiec | evja.pl","og_description":"Oferujemy profesjonalny druk kalendarzy dla firm! Bez problemu wykonujemy trwa\u0142y i estetyczny druk do formatu B1, dbaj\u0105c o terminowo\u015b\u0107. Zapraszamy!","og_url":"https:\/\/evja.pl\/index.php\/zywiec\/","og_site_name":"EVJA","article_modified_time":"2024-08-22T09:24:19+00:00","og_image":[{"url":"https:\/\/evja.pl\/wp-content\/uploads\/elementor\/thumbs\/printer-1373258_640-qsz7kjireh4dzj3kecxrpwp0rmahohp7c067ngjxie.jpg"}],"twitter_card":"summary_large_image","twitter_misc":{"Szacowany czas czytania":"2 minuty"},"schema":{"@context":"https:\/\/schema.org","@graph":[{"@type":"WebPage","@id":"https:\/\/evja.pl\/index.php\/zywiec\/","url":"https:\/\/evja.pl\/index.php\/zywiec\/","name":"Druk kalendarza \u017bywiec | evja.pl","isPartOf":{"@id":"https:\/\/evja.pl\/#website"},"primaryImageOfPage":{"@id":"https:\/\/evja.pl\/index.php\/zywiec\/#primaryimage"},"image":{"@id":"https:\/\/evja.pl\/index.php\/zywiec\/#primaryimage"},"thumbnailUrl":"https:\/\/evja.pl\/wp-content\/uploads\/elementor\/thumbs\/printer-1373258_640-qsz7kjireh4dzj3kecxrpwp0rmahohp7c067ngjxie.jpg","datePublished":"2024-08-22T08:51:41+00:00","dateModified":"2024-08-22T09:24:19+00:00","description":"Oferujemy profesjonalny druk kalendarzy dla firm! Bez problemu wykonujemy trwa\u0142y i estetyczny druk do formatu B1, dbaj\u0105c o terminowo\u015b\u0107. Zapraszamy!","breadcrumb":{"@id":"https:\/\/evja.pl\/index.php\/zywiec\/#breadcrumb"},"inLanguage":"pl-PL","potentialAction":[{"@type":"ReadAction","target":["https:\/\/evja.pl\/index.php\/zywiec\/"]}]},{"@type":"ImageObject","inLanguage":"pl-PL","@id":"https:\/\/evja.pl\/index.php\/zywiec\/#primaryimage","url":"https:\/\/evja.pl\/wp-content\/uploads\/elementor\/thumbs\/printer-1373258_640-qsz7kjireh4dzj3kecxrpwp0rmahohp7c067ngjxie.jpg","contentUrl":"https:\/\/evja.pl\/wp-content\/uploads\/elementor\/thumbs\/printer-1373258_640-qsz7kjireh4dzj3kecxrpwp0rmahohp7c067ngjxie.jpg"},{"@type":"BreadcrumbList","@id":"https:\/\/evja.pl\/index.php\/zywiec\/#breadcrumb","itemListElement":[{"@type":"ListItem","position":1,"name":"Strona g\u0142\u00f3wna","item":"https:\/\/evja.pl\/"},{"@type":"ListItem","position":2,"name":"\u017bywiec"}]},{"@type":"WebSite","@id":"https:\/\/evja.pl\/#website","url":"https:\/\/evja.pl\/","name":"EVJA","description":"","publisher":{"@id":"https:\/\/evja.pl\/#organization"},"potentialAction":[{"@type":"SearchAction","target":{"@type":"EntryPoint","urlTemplate":"https:\/\/evja.pl\/?s={search_term_string}"},"query-input":"required name=search_term_string"}],"inLanguage":"pl-PL"},{"@type":"Organization","@id":"https:\/\/evja.pl\/#organization","name":"EVJA","url":"https:\/\/evja.pl\/","logo":{"@type":"ImageObject","inLanguage":"pl-PL","@id":"https:\/\/evja.pl\/#\/schema\/logo\/image\/","url":"https:\/\/evja.pl\/wp-content\/uploads\/2022\/02\/cropped-cropped-evjalogomail-1.png","contentUrl":"https:\/\/evja.pl\/wp-content\/uploads\/2022\/02\/cropped-cropped-evjalogomail-1.png","width":81,"height":85,"caption":"EVJA"},"image":{"@id":"https:\/\/evja.pl\/#\/schema\/logo\/image\/"}}]}},"_links":{"self":[{"href":"https:\/\/evja.pl\/index.php\/wp-json\/wp\/v2\/pages\/362","targetHints":{"allow":["GET"]}}],"collection":[{"href":"https:\/\/evja.pl\/index.php\/wp-json\/wp\/v2\/pages"}],"about":[{"href":"https:\/\/evja.pl\/index.php\/wp-json\/wp\/v2\/types\/page"}],"author":[{"embeddable":true,"href":"https:\/\/evja.pl\/index.php\/wp-json\/wp\/v2\/users\/4"}],"replies":[{"embeddable":true,"href":"https:\/\/evja.pl\/index.php\/wp-json\/wp\/v2\/comments?post=362"}],"version-history":[{"count":14,"href":"https:\/\/evja.pl\/index.php\/wp-json\/wp\/v2\/pages\/362\/revisions"}],"predecessor-version":[{"id":426,"href":"https:\/\/evja.pl\/index.php\/wp-json\/wp\/v2\/pages\/362\/revisions\/426"}],"wp:attachment":[{"href":"https:\/\/evja.pl\/index.php\/wp-json\/wp\/v2\/media?parent=362"}],"curies":[{"name":"wp","href":"https:\/\/api.w.org\/{rel}","templated":true}]}}