{"id":493,"date":"2025-03-13T12:10:13","date_gmt":"2025-03-13T11:10:13","guid":{"rendered":"https:\/\/evja.pl\/?page_id=493"},"modified":"2025-03-13T12:12:03","modified_gmt":"2025-03-13T11:12:03","slug":"lakierowanie-uv","status":"publish","type":"page","link":"https:\/\/evja.pl\/index.php\/lakierowanie-uv\/","title":{"rendered":"Lakierowanie UV"},"content":{"rendered":"\t\t<div data-elementor-type=\"wp-page\" data-elementor-id=\"493\" class=\"elementor elementor-493\">\n\t\t\t\t\t\t<section class=\"elementor-section elementor-top-section elementor-element elementor-element-6f233d5 elementor-section-boxed elementor-section-height-default elementor-section-height-default\" data-id=\"6f233d5\" data-element_type=\"section\">\n\t\t\t\t\t\t<div class=\"elementor-container elementor-column-gap-default\">\n\t\t\t\t\t<div class=\"elementor-column elementor-col-100 elementor-top-column elementor-element elementor-element-a3f8108\" data-id=\"a3f8108\" data-element_type=\"column\">\n\t\t\t<div class=\"elementor-widget-wrap elementor-element-populated\">\n\t\t\t\t\t\t<div class=\"elementor-element elementor-element-c10847e elementor-widget elementor-widget-text-editor\" data-id=\"c10847e\" data-element_type=\"widget\" data-widget_type=\"text-editor.default\">\n\t\t\t\t<div class=\"elementor-widget-container\">\n\t\t\t<style>\/*! elementor - v3.23.0 - 05-08-2024 *\/\n.elementor-widget-text-editor.elementor-drop-cap-view-stacked .elementor-drop-cap{background-color:#69727d;color:#fff}.elementor-widget-text-editor.elementor-drop-cap-view-framed .elementor-drop-cap{color:#69727d;border:3px solid;background-color:transparent}.elementor-widget-text-editor:not(.elementor-drop-cap-view-default) .elementor-drop-cap{margin-top:8px}.elementor-widget-text-editor:not(.elementor-drop-cap-view-default) .elementor-drop-cap-letter{width:1em;height:1em}.elementor-widget-text-editor .elementor-drop-cap{float:left;text-align:center;line-height:1;font-size:50px}.elementor-widget-text-editor .elementor-drop-cap-letter{display:inline-block}<\/style>\t\t\t\t<h1>Lakierowanie UV B1 i mniejszych formatach<\/h1><p>Lakierowanie UV to zaawansowana technika stosowana w wyko\u0144czeniach druku, kt\u00f3ra pozwala na znacz\u0105ce podniesienie ich trwa\u0142o\u015bci i nadanie wyj\u0105tkowego, subtelnego blasku. Proces polega na na\u0142o\u017ceniu specjalnej pow\u0142oki lakieru, kt\u00f3ry pod wp\u0142ywem promieniowania UV szybko si\u0119 utwardza, tworz\u0105c wytrzyma\u0142\u0105 i odporn\u0105 na zarysowania warstw\u0119. Lakierowanie UV jest cz\u0119sto stosowane przy produkcji materia\u0142\u00f3w promocyjnych i reklamowych, takich jak opakowania, plakaty, katalogi czy kalendarze. Jego najwi\u0119kszym atutem jest mo\u017cliwo\u015b\u0107 osi\u0105gni\u0119cia efektu g\u0142\u0119bokiego po\u0142ysku, co podkre\u015bla kolory oraz detale graficzne, nadaj\u0105c drukom profesjonalny i ekskluzywny wygl\u0105d.<\/p>\t\t\t\t\t\t<\/div>\n\t\t\t\t<\/div>\n\t\t\t\t\t<\/div>\n\t\t<\/div>\n\t\t\t\t\t<\/div>\n\t\t<\/section>\n\t\t\t\t<section class=\"elementor-section elementor-top-section elementor-element elementor-element-993167d elementor-section-content-middle elementor-section-boxed elementor-section-height-default elementor-section-height-default\" data-id=\"993167d\" data-element_type=\"section\">\n\t\t\t\t\t\t<div class=\"elementor-container elementor-column-gap-default\">\n\t\t\t\t\t<div class=\"elementor-column elementor-col-50 elementor-top-column elementor-element elementor-element-59ac9a3\" data-id=\"59ac9a3\" data-element_type=\"column\">\n\t\t\t<div class=\"elementor-widget-wrap elementor-element-populated\">\n\t\t\t\t\t\t<div class=\"elementor-element elementor-element-7f3bcf7 elementor-widget elementor-widget-image\" data-id=\"7f3bcf7\" data-element_type=\"widget\" data-widget_type=\"image.default\">\n\t\t\t\t<div class=\"elementor-widget-container\">\n\t\t\t<style>\/*! elementor - v3.23.0 - 05-08-2024 *\/\n.elementor-widget-image{text-align:center}.elementor-widget-image a{display:inline-block}.elementor-widget-image a img[src$=\".svg\"]{width:48px}.elementor-widget-image img{vertical-align:middle;display:inline-block}<\/style>\t\t\t\t\t\t\t\t\t\t<img fetchpriority=\"high\" decoding=\"async\" width=\"768\" height=\"768\" src=\"https:\/\/evja.pl\/wp-content\/uploads\/2024\/02\/4dc00bcf-0646-4133-88c9-a1a22aaa6bec-768x768.jpg\" class=\"attachment-medium_large size-medium_large wp-image-193\" alt=\"kalendarze firmowe drukarnia\" srcset=\"https:\/\/evja.pl\/wp-content\/uploads\/2024\/02\/4dc00bcf-0646-4133-88c9-a1a22aaa6bec-768x768.jpg 768w, https:\/\/evja.pl\/wp-content\/uploads\/2024\/02\/4dc00bcf-0646-4133-88c9-a1a22aaa6bec-300x300.jpg 300w, https:\/\/evja.pl\/wp-content\/uploads\/2024\/02\/4dc00bcf-0646-4133-88c9-a1a22aaa6bec-150x150.jpg 150w, https:\/\/evja.pl\/wp-content\/uploads\/2024\/02\/4dc00bcf-0646-4133-88c9-a1a22aaa6bec.jpg 1024w\" sizes=\"(max-width: 768px) 100vw, 768px\" \/>\t\t\t\t\t\t\t\t\t\t\t\t\t<\/div>\n\t\t\t\t<\/div>\n\t\t\t\t\t<\/div>\n\t\t<\/div>\n\t\t\t\t<div class=\"elementor-column elementor-col-50 elementor-top-column elementor-element elementor-element-8a336f5\" data-id=\"8a336f5\" data-element_type=\"column\">\n\t\t\t<div class=\"elementor-widget-wrap elementor-element-populated\">\n\t\t\t\t\t\t<div class=\"elementor-element elementor-element-80a7a12 elementor-widget elementor-widget-text-editor\" data-id=\"80a7a12\" data-element_type=\"widget\" data-widget_type=\"text-editor.default\">\n\t\t\t\t<div class=\"elementor-widget-container\">\n\t\t\t\t\t\t\t<h2>R\u00f3\u017cne formaty &#8211; lakierowanie UV B1 i mniejsze<\/h2><p>Dzia\u0142amy g\u0142\u00f3wnie w formacie B1, kt\u00f3ry obejmuje wi\u0119ksze powierzchnie drukowane. Proces daje mo\u017cliwo\u015b\u0107 wyko\u0144czenia zar\u00f3wno ca\u0142o\u015bciowego, jak i wybi\u00f3rczego. Lakierowanie wybi\u00f3rcze umo\u017cliwia podkre\u015blenie konkretnych element\u00f3w, takich jak logotypy, has\u0142a reklamowe czy kluczowe elementy wizualne, co sprawia, \u017ce projekt nabiera unikalnego charakteru. Efekt ten jest szczeg\u00f3lnie ceniony w bran\u017cach, kt\u00f3re k\u0142ad\u0105 du\u017cy nacisk na wyr\u00f3\u017cnianie swoich produkt\u00f3w, np. w sektorze opakowa\u0144 premium, gdzie estetyka i presti\u017c maj\u0105 kluczowe znaczenie. Co wi\u0119cej, lakier UV chroni materia\u0142y przed czynnikami zewn\u0119trznymi, takimi jak wilgo\u0107 czy promieniowanie s\u0142oneczne, co przed\u0142u\u017ca ich \u017cywotno\u015b\u0107.<\/p>\t\t\t\t\t\t<\/div>\n\t\t\t\t<\/div>\n\t\t\t\t\t<\/div>\n\t\t<\/div>\n\t\t\t\t\t<\/div>\n\t\t<\/section>\n\t\t\t\t<section class=\"elementor-section elementor-top-section elementor-element elementor-element-ed6b7a5 elementor-section-boxed elementor-section-height-default elementor-section-height-default\" data-id=\"ed6b7a5\" data-element_type=\"section\">\n\t\t\t\t\t\t<div class=\"elementor-container elementor-column-gap-default\">\n\t\t\t\t\t<div class=\"elementor-column elementor-col-100 elementor-top-column elementor-element elementor-element-b9c3859\" data-id=\"b9c3859\" data-element_type=\"column\">\n\t\t\t<div class=\"elementor-widget-wrap elementor-element-populated\">\n\t\t\t\t\t\t<div class=\"elementor-element elementor-element-be18d3d elementor-widget elementor-widget-text-editor\" data-id=\"be18d3d\" data-element_type=\"widget\" data-widget_type=\"text-editor.default\">\n\t\t\t\t<div class=\"elementor-widget-container\">\n\t\t\t\t\t\t\t<h2>Profesjonalne us\u0142ugi drukarni EVJA<\/h2><p>Przy wyborze drukarni oferuj\u0105cej lakierowanie UV B1 i innych wymiar\u00f3w, warto zwr\u00f3ci\u0107 uwag\u0119 na dost\u0119pno\u015b\u0107 zaawansowanych urz\u0105dze\u0144 oraz do\u015bwiadczenie w tego typu realizacjach. Nasza drukarnia EVJA oferuje nie tylko precyzj\u0119 us\u0142ugi, ale r\u00f3wnie\u017c sprawn\u0105 i terminow\u0105 prac\u0119. Lakierowanie UV jest doskona\u0142ym wyborem dla firm, kt\u00f3re chc\u0105 podkre\u015bli\u0107 jako\u015b\u0107 swoich materia\u0142\u00f3w i zwi\u0119kszy\u0107 ich trwa\u0142o\u015b\u0107, jednocze\u015bnie dbaj\u0105c o to, by prezentowa\u0142y si\u0119 one elegancko i przyci\u0105ga\u0142y wzrok potencjalnych klient\u00f3w.<\/p>\t\t\t\t\t\t<\/div>\n\t\t\t\t<\/div>\n\t\t\t\t\t<\/div>\n\t\t<\/div>\n\t\t\t\t\t<\/div>\n\t\t<\/section>\n\t\t\t\t<\/div>\n\t\t","protected":false},"excerpt":{"rendered":"<p>Lakierowanie UV B1 i mniejszych formatach Lakierowanie UV to zaawansowana technika stosowana w wyko\u0144czeniach druku, kt\u00f3ra pozwala na znacz\u0105ce podniesienie [&hellip;]<\/p>\n","protected":false},"author":4,"featured_media":0,"parent":0,"menu_order":0,"comment_status":"closed","ping_status":"closed","template":"","meta":{"site-sidebar-layout":"no-sidebar","site-content-layout":"","ast-site-content-layout":"full-width-container","site-content-style":"default","site-sidebar-style":"default","ast-global-header-display":"","ast-banner-title-visibility":"","ast-main-header-display":"","ast-hfb-above-header-display":"","ast-hfb-below-header-display":"","ast-hfb-mobile-header-display":"","site-post-title":"disabled","ast-breadcrumbs-content":"","ast-featured-img":"disabled","footer-sml-layout":"","theme-transparent-header-meta":"","adv-header-id-meta":"","stick-header-meta":"","header-above-stick-meta":"","header-main-stick-meta":"","header-below-stick-meta":"","astra-migrate-meta-layouts":"default","ast-page-background-enabled":"default","ast-page-background-meta":{"desktop":{"background-color":"var(--ast-global-color-4)","background-image":"","background-repeat":"repeat","background-position":"center center","background-size":"auto","background-attachment":"scroll","background-type":"","background-media":"","overlay-type":"","overlay-color":"","overlay-opacity":"","overlay-gradient":""},"tablet":{"background-color":"","background-image":"","background-repeat":"repeat","background-position":"center center","background-size":"auto","background-attachment":"scroll","background-type":"","background-media":"","overlay-type":"","overlay-color":"","overlay-opacity":"","overlay-gradient":""},"mobile":{"background-color":"","background-image":"","background-repeat":"repeat","background-position":"center center","background-size":"auto","background-attachment":"scroll","background-type":"","background-media":"","overlay-type":"","overlay-color":"","overlay-opacity":"","overlay-gradient":""}},"ast-content-background-meta":{"desktop":{"background-color":"var(--ast-global-color-5)","background-image":"","background-repeat":"repeat","background-position":"center center","background-size":"auto","background-attachment":"scroll","background-type":"","background-media":"","overlay-type":"","overlay-color":"","overlay-opacity":"","overlay-gradient":""},"tablet":{"background-color":"var(--ast-global-color-5)","background-image":"","background-repeat":"repeat","background-position":"center center","background-size":"auto","background-attachment":"scroll","background-type":"","background-media":"","overlay-type":"","overlay-color":"","overlay-opacity":"","overlay-gradient":""},"mobile":{"background-color":"var(--ast-global-color-5)","background-image":"","background-repeat":"repeat","background-position":"center center","background-size":"auto","background-attachment":"scroll","background-type":"","background-media":"","overlay-type":"","overlay-color":"","overlay-opacity":"","overlay-gradient":""}},"footnotes":""},"class_list":["post-493","page","type-page","status-publish","hentry"],"yoast_head":"<!-- This site is optimized with the Yoast SEO plugin v23.2 - https:\/\/yoast.com\/wordpress\/plugins\/seo\/ -->\n<title>Lakierowanie UV | evja.pl<\/title>\n<meta name=\"description\" content=\"Nadaj swoim wydrukom blasku i trwa\u0142o\u015bci - postaw na lakierowanie UV! Nasza drukarnia zapewnia precyzj\u0119, terminowo\u015b\u0107, oraz nowoczesny park maszynowy.\" \/>\n<meta name=\"robots\" content=\"index, follow, max-snippet:-1, max-image-preview:large, max-video-preview:-1\" \/>\n<link rel=\"canonical\" href=\"https:\/\/evja.pl\/index.php\/lakierowanie-uv\/\" \/>\n<meta property=\"og:locale\" content=\"pl_PL\" \/>\n<meta property=\"og:type\" content=\"article\" \/>\n<meta property=\"og:title\" content=\"Lakierowanie UV | evja.pl\" \/>\n<meta property=\"og:description\" content=\"Nadaj swoim wydrukom blasku i trwa\u0142o\u015bci - postaw na lakierowanie UV! Nasza drukarnia zapewnia precyzj\u0119, terminowo\u015b\u0107, oraz nowoczesny park maszynowy.\" \/>\n<meta property=\"og:url\" content=\"https:\/\/evja.pl\/index.php\/lakierowanie-uv\/\" \/>\n<meta property=\"og:site_name\" content=\"EVJA\" \/>\n<meta property=\"article:modified_time\" content=\"2025-03-13T11:12:03+00:00\" \/>\n<meta property=\"og:image\" content=\"https:\/\/evja.pl\/wp-content\/uploads\/2024\/02\/4dc00bcf-0646-4133-88c9-a1a22aaa6bec-768x768.jpg\" \/>\n<meta name=\"twitter:card\" content=\"summary_large_image\" \/>\n<meta name=\"twitter:label1\" content=\"Szacowany czas czytania\" \/>\n\t<meta name=\"twitter:data1\" content=\"2 minuty\" \/>\n<script type=\"application\/ld+json\" class=\"yoast-schema-graph\">{\"@context\":\"https:\/\/schema.org\",\"@graph\":[{\"@type\":\"WebPage\",\"@id\":\"https:\/\/evja.pl\/index.php\/lakierowanie-uv\/\",\"url\":\"https:\/\/evja.pl\/index.php\/lakierowanie-uv\/\",\"name\":\"Lakierowanie UV | evja.pl\",\"isPartOf\":{\"@id\":\"https:\/\/evja.pl\/#website\"},\"primaryImageOfPage\":{\"@id\":\"https:\/\/evja.pl\/index.php\/lakierowanie-uv\/#primaryimage\"},\"image\":{\"@id\":\"https:\/\/evja.pl\/index.php\/lakierowanie-uv\/#primaryimage\"},\"thumbnailUrl\":\"https:\/\/evja.pl\/wp-content\/uploads\/2024\/02\/4dc00bcf-0646-4133-88c9-a1a22aaa6bec-768x768.jpg\",\"datePublished\":\"2025-03-13T11:10:13+00:00\",\"dateModified\":\"2025-03-13T11:12:03+00:00\",\"description\":\"Nadaj swoim wydrukom blasku i trwa\u0142o\u015bci - postaw na lakierowanie UV! Nasza drukarnia zapewnia precyzj\u0119, terminowo\u015b\u0107, oraz nowoczesny park maszynowy.\",\"breadcrumb\":{\"@id\":\"https:\/\/evja.pl\/index.php\/lakierowanie-uv\/#breadcrumb\"},\"inLanguage\":\"pl-PL\",\"potentialAction\":[{\"@type\":\"ReadAction\",\"target\":[\"https:\/\/evja.pl\/index.php\/lakierowanie-uv\/\"]}]},{\"@type\":\"ImageObject\",\"inLanguage\":\"pl-PL\",\"@id\":\"https:\/\/evja.pl\/index.php\/lakierowanie-uv\/#primaryimage\",\"url\":\"https:\/\/evja.pl\/wp-content\/uploads\/2024\/02\/4dc00bcf-0646-4133-88c9-a1a22aaa6bec.jpg\",\"contentUrl\":\"https:\/\/evja.pl\/wp-content\/uploads\/2024\/02\/4dc00bcf-0646-4133-88c9-a1a22aaa6bec.jpg\",\"width\":1024,\"height\":1024,\"caption\":\"kalendarze firmowe drukarnia\"},{\"@type\":\"BreadcrumbList\",\"@id\":\"https:\/\/evja.pl\/index.php\/lakierowanie-uv\/#breadcrumb\",\"itemListElement\":[{\"@type\":\"ListItem\",\"position\":1,\"name\":\"Strona g\u0142\u00f3wna\",\"item\":\"https:\/\/evja.pl\/\"},{\"@type\":\"ListItem\",\"position\":2,\"name\":\"Lakierowanie UV\"}]},{\"@type\":\"WebSite\",\"@id\":\"https:\/\/evja.pl\/#website\",\"url\":\"https:\/\/evja.pl\/\",\"name\":\"EVJA\",\"description\":\"\",\"publisher\":{\"@id\":\"https:\/\/evja.pl\/#organization\"},\"potentialAction\":[{\"@type\":\"SearchAction\",\"target\":{\"@type\":\"EntryPoint\",\"urlTemplate\":\"https:\/\/evja.pl\/?s={search_term_string}\"},\"query-input\":\"required name=search_term_string\"}],\"inLanguage\":\"pl-PL\"},{\"@type\":\"Organization\",\"@id\":\"https:\/\/evja.pl\/#organization\",\"name\":\"EVJA\",\"url\":\"https:\/\/evja.pl\/\",\"logo\":{\"@type\":\"ImageObject\",\"inLanguage\":\"pl-PL\",\"@id\":\"https:\/\/evja.pl\/#\/schema\/logo\/image\/\",\"url\":\"https:\/\/evja.pl\/wp-content\/uploads\/2022\/02\/cropped-cropped-evjalogomail-1.png\",\"contentUrl\":\"https:\/\/evja.pl\/wp-content\/uploads\/2022\/02\/cropped-cropped-evjalogomail-1.png\",\"width\":81,\"height\":85,\"caption\":\"EVJA\"},\"image\":{\"@id\":\"https:\/\/evja.pl\/#\/schema\/logo\/image\/\"}}]}<\/script>\n<!-- \/ Yoast SEO plugin. -->","yoast_head_json":{"title":"Lakierowanie UV | evja.pl","description":"Nadaj swoim wydrukom blasku i trwa\u0142o\u015bci - postaw na lakierowanie UV! Nasza drukarnia zapewnia precyzj\u0119, terminowo\u015b\u0107, oraz nowoczesny park maszynowy.","robots":{"index":"index","follow":"follow","max-snippet":"max-snippet:-1","max-image-preview":"max-image-preview:large","max-video-preview":"max-video-preview:-1"},"canonical":"https:\/\/evja.pl\/index.php\/lakierowanie-uv\/","og_locale":"pl_PL","og_type":"article","og_title":"Lakierowanie UV | evja.pl","og_description":"Nadaj swoim wydrukom blasku i trwa\u0142o\u015bci - postaw na lakierowanie UV! Nasza drukarnia zapewnia precyzj\u0119, terminowo\u015b\u0107, oraz nowoczesny park maszynowy.","og_url":"https:\/\/evja.pl\/index.php\/lakierowanie-uv\/","og_site_name":"EVJA","article_modified_time":"2025-03-13T11:12:03+00:00","og_image":[{"url":"https:\/\/evja.pl\/wp-content\/uploads\/2024\/02\/4dc00bcf-0646-4133-88c9-a1a22aaa6bec-768x768.jpg"}],"twitter_card":"summary_large_image","twitter_misc":{"Szacowany czas czytania":"2 minuty"},"schema":{"@context":"https:\/\/schema.org","@graph":[{"@type":"WebPage","@id":"https:\/\/evja.pl\/index.php\/lakierowanie-uv\/","url":"https:\/\/evja.pl\/index.php\/lakierowanie-uv\/","name":"Lakierowanie UV | evja.pl","isPartOf":{"@id":"https:\/\/evja.pl\/#website"},"primaryImageOfPage":{"@id":"https:\/\/evja.pl\/index.php\/lakierowanie-uv\/#primaryimage"},"image":{"@id":"https:\/\/evja.pl\/index.php\/lakierowanie-uv\/#primaryimage"},"thumbnailUrl":"https:\/\/evja.pl\/wp-content\/uploads\/2024\/02\/4dc00bcf-0646-4133-88c9-a1a22aaa6bec-768x768.jpg","datePublished":"2025-03-13T11:10:13+00:00","dateModified":"2025-03-13T11:12:03+00:00","description":"Nadaj swoim wydrukom blasku i trwa\u0142o\u015bci - postaw na lakierowanie UV! Nasza drukarnia zapewnia precyzj\u0119, terminowo\u015b\u0107, oraz nowoczesny park maszynowy.","breadcrumb":{"@id":"https:\/\/evja.pl\/index.php\/lakierowanie-uv\/#breadcrumb"},"inLanguage":"pl-PL","potentialAction":[{"@type":"ReadAction","target":["https:\/\/evja.pl\/index.php\/lakierowanie-uv\/"]}]},{"@type":"ImageObject","inLanguage":"pl-PL","@id":"https:\/\/evja.pl\/index.php\/lakierowanie-uv\/#primaryimage","url":"https:\/\/evja.pl\/wp-content\/uploads\/2024\/02\/4dc00bcf-0646-4133-88c9-a1a22aaa6bec.jpg","contentUrl":"https:\/\/evja.pl\/wp-content\/uploads\/2024\/02\/4dc00bcf-0646-4133-88c9-a1a22aaa6bec.jpg","width":1024,"height":1024,"caption":"kalendarze firmowe drukarnia"},{"@type":"BreadcrumbList","@id":"https:\/\/evja.pl\/index.php\/lakierowanie-uv\/#breadcrumb","itemListElement":[{"@type":"ListItem","position":1,"name":"Strona g\u0142\u00f3wna","item":"https:\/\/evja.pl\/"},{"@type":"ListItem","position":2,"name":"Lakierowanie UV"}]},{"@type":"WebSite","@id":"https:\/\/evja.pl\/#website","url":"https:\/\/evja.pl\/","name":"EVJA","description":"","publisher":{"@id":"https:\/\/evja.pl\/#organization"},"potentialAction":[{"@type":"SearchAction","target":{"@type":"EntryPoint","urlTemplate":"https:\/\/evja.pl\/?s={search_term_string}"},"query-input":"required name=search_term_string"}],"inLanguage":"pl-PL"},{"@type":"Organization","@id":"https:\/\/evja.pl\/#organization","name":"EVJA","url":"https:\/\/evja.pl\/","logo":{"@type":"ImageObject","inLanguage":"pl-PL","@id":"https:\/\/evja.pl\/#\/schema\/logo\/image\/","url":"https:\/\/evja.pl\/wp-content\/uploads\/2022\/02\/cropped-cropped-evjalogomail-1.png","contentUrl":"https:\/\/evja.pl\/wp-content\/uploads\/2022\/02\/cropped-cropped-evjalogomail-1.png","width":81,"height":85,"caption":"EVJA"},"image":{"@id":"https:\/\/evja.pl\/#\/schema\/logo\/image\/"}}]}},"_links":{"self":[{"href":"https:\/\/evja.pl\/index.php\/wp-json\/wp\/v2\/pages\/493","targetHints":{"allow":["GET"]}}],"collection":[{"href":"https:\/\/evja.pl\/index.php\/wp-json\/wp\/v2\/pages"}],"about":[{"href":"https:\/\/evja.pl\/index.php\/wp-json\/wp\/v2\/types\/page"}],"author":[{"embeddable":true,"href":"https:\/\/evja.pl\/index.php\/wp-json\/wp\/v2\/users\/4"}],"replies":[{"embeddable":true,"href":"https:\/\/evja.pl\/index.php\/wp-json\/wp\/v2\/comments?post=493"}],"version-history":[{"count":4,"href":"https:\/\/evja.pl\/index.php\/wp-json\/wp\/v2\/pages\/493\/revisions"}],"predecessor-version":[{"id":497,"href":"https:\/\/evja.pl\/index.php\/wp-json\/wp\/v2\/pages\/493\/revisions\/497"}],"wp:attachment":[{"href":"https:\/\/evja.pl\/index.php\/wp-json\/wp\/v2\/media?parent=493"}],"curies":[{"name":"wp","href":"https:\/\/api.w.org\/{rel}","templated":true}]}}