{"id":499,"date":"2025-03-13T12:15:44","date_gmt":"2025-03-13T11:15:44","guid":{"rendered":"https:\/\/evja.pl\/?page_id=499"},"modified":"2025-03-13T12:16:55","modified_gmt":"2025-03-13T11:16:55","slug":"druk-kalendarzy-trojdzielnych","status":"publish","type":"page","link":"https:\/\/evja.pl\/index.php\/druk-kalendarzy-trojdzielnych\/","title":{"rendered":"Druk kalendarzy tr\u00f3jdzielnych"},"content":{"rendered":"\t\t<div data-elementor-type=\"wp-page\" data-elementor-id=\"499\" class=\"elementor elementor-499\">\n\t\t\t\t\t\t<section class=\"elementor-section elementor-top-section elementor-element elementor-element-7a853c1 elementor-section-boxed elementor-section-height-default elementor-section-height-default\" data-id=\"7a853c1\" data-element_type=\"section\">\n\t\t\t\t\t\t<div class=\"elementor-container elementor-column-gap-default\">\n\t\t\t\t\t<div class=\"elementor-column elementor-col-100 elementor-top-column elementor-element elementor-element-d9b92c6\" data-id=\"d9b92c6\" data-element_type=\"column\">\n\t\t\t<div class=\"elementor-widget-wrap elementor-element-populated\">\n\t\t\t\t\t\t<div class=\"elementor-element elementor-element-17628b6 elementor-widget elementor-widget-text-editor\" data-id=\"17628b6\" data-element_type=\"widget\" data-widget_type=\"text-editor.default\">\n\t\t\t\t<div class=\"elementor-widget-container\">\n\t\t\t<style>\/*! elementor - v3.23.0 - 05-08-2024 *\/\n.elementor-widget-text-editor.elementor-drop-cap-view-stacked .elementor-drop-cap{background-color:#69727d;color:#fff}.elementor-widget-text-editor.elementor-drop-cap-view-framed .elementor-drop-cap{color:#69727d;border:3px solid;background-color:transparent}.elementor-widget-text-editor:not(.elementor-drop-cap-view-default) .elementor-drop-cap{margin-top:8px}.elementor-widget-text-editor:not(.elementor-drop-cap-view-default) .elementor-drop-cap-letter{width:1em;height:1em}.elementor-widget-text-editor .elementor-drop-cap{float:left;text-align:center;line-height:1;font-size:50px}.elementor-widget-text-editor .elementor-drop-cap-letter{display:inline-block}<\/style>\t\t\t\t<h1>Drukarnia &#8211; kalendarze tr\u00f3jdzielne z personalizowan\u0105 grafik\u0105<\/h1><p>Drukowanie kalendarzy tr\u00f3jdzielnych to popularna us\u0142uga oferowana przez wiele drukarni, zw\u0142aszcza tych specjalizuj\u0105cych si\u0119 w produkcji materia\u0142\u00f3w promocyjnych i reklamowych. Kalendarze te charakteryzuj\u0105 si\u0119 trzema oddzielnymi blokami miesi\u0119cznymi, kt\u00f3re umo\u017cliwiaj\u0105 jednoczesny wgl\u0105d w poprzedni, bie\u017c\u0105cy oraz nast\u0119pny miesi\u0105c. Taka forma jest wyj\u0105tkowo praktyczna w biurach i miejscach pracy, gdzie wa\u017cne jest szybkie planowanie i sprawdzanie termin\u00f3w.<\/p>\t\t\t\t\t\t<\/div>\n\t\t\t\t<\/div>\n\t\t\t\t\t<\/div>\n\t\t<\/div>\n\t\t\t\t\t<\/div>\n\t\t<\/section>\n\t\t\t\t<section class=\"elementor-section elementor-top-section elementor-element elementor-element-f049a92 elementor-section-content-middle elementor-section-boxed elementor-section-height-default elementor-section-height-default\" data-id=\"f049a92\" data-element_type=\"section\">\n\t\t\t\t\t\t<div class=\"elementor-container elementor-column-gap-default\">\n\t\t\t\t\t<div class=\"elementor-column elementor-col-50 elementor-top-column elementor-element elementor-element-c2ae149\" data-id=\"c2ae149\" data-element_type=\"column\">\n\t\t\t<div class=\"elementor-widget-wrap elementor-element-populated\">\n\t\t\t\t\t\t<div class=\"elementor-element elementor-element-51fa9ac elementor-widget elementor-widget-image\" data-id=\"51fa9ac\" data-element_type=\"widget\" data-widget_type=\"image.default\">\n\t\t\t\t<div class=\"elementor-widget-container\">\n\t\t\t<style>\/*! elementor - v3.23.0 - 05-08-2024 *\/\n.elementor-widget-image{text-align:center}.elementor-widget-image a{display:inline-block}.elementor-widget-image a img[src$=\".svg\"]{width:48px}.elementor-widget-image img{vertical-align:middle;display:inline-block}<\/style>\t\t\t\t\t\t\t\t\t\t<img fetchpriority=\"high\" decoding=\"async\" width=\"768\" height=\"768\" src=\"https:\/\/evja.pl\/wp-content\/uploads\/2024\/02\/4dc00bcf-0646-4133-88c9-a1a22aaa6bec-768x768.jpg\" class=\"attachment-medium_large size-medium_large wp-image-193\" alt=\"kalendarze firmowe drukarnia\" srcset=\"https:\/\/evja.pl\/wp-content\/uploads\/2024\/02\/4dc00bcf-0646-4133-88c9-a1a22aaa6bec-768x768.jpg 768w, https:\/\/evja.pl\/wp-content\/uploads\/2024\/02\/4dc00bcf-0646-4133-88c9-a1a22aaa6bec-300x300.jpg 300w, https:\/\/evja.pl\/wp-content\/uploads\/2024\/02\/4dc00bcf-0646-4133-88c9-a1a22aaa6bec-150x150.jpg 150w, https:\/\/evja.pl\/wp-content\/uploads\/2024\/02\/4dc00bcf-0646-4133-88c9-a1a22aaa6bec.jpg 1024w\" sizes=\"(max-width: 768px) 100vw, 768px\" \/>\t\t\t\t\t\t\t\t\t\t\t\t\t<\/div>\n\t\t\t\t<\/div>\n\t\t\t\t\t<\/div>\n\t\t<\/div>\n\t\t\t\t<div class=\"elementor-column elementor-col-50 elementor-top-column elementor-element elementor-element-9d67f81\" data-id=\"9d67f81\" data-element_type=\"column\">\n\t\t\t<div class=\"elementor-widget-wrap elementor-element-populated\">\n\t\t\t\t\t\t<div class=\"elementor-element elementor-element-85b86f3 elementor-widget elementor-widget-text-editor\" data-id=\"85b86f3\" data-element_type=\"widget\" data-widget_type=\"text-editor.default\">\n\t\t\t\t<div class=\"elementor-widget-container\">\n\t\t\t\t\t\t\t<h2>Druk reklam i logotyp\u00f3w na kalendarzach<\/h2><p>EVJA daje klientom mo\u017cliwo\u015b\u0107 pe\u0142nej personalizacji produktu kalendarzy tr\u00f3jdzielnych przed drukiem. Mo\u017cna wybiera\u0107 spo\u015br\u00f3d r\u00f3\u017cnych format\u00f3w, typ\u00f3w papieru, wyko\u0144cze\u0144 oraz dodatk\u00f3w, takich jak metalowe listwy do oprawy czy foliowanie. Kalendarze mog\u0105 by\u0107 r\u00f3wnie\u017c wzbogacone o elementy identyfikacji wizualnej firmy, takie jak logotypy, zdj\u0119cia lub has\u0142a reklamowe, co czyni je doskona\u0142ym narz\u0119dziem marketingowym. Wyb\u00f3r odpowiedniej drukarni do kalendarzy tr\u00f3jdzielnych to klucz do uzyskania wysokiej jako\u015bci produktu, kt\u00f3ry nie tylko b\u0119dzie estetyczny, ale r\u00f3wnie\u017c funkcjonalny przez ca\u0142y rok. Warto zwr\u00f3ci\u0107 uwag\u0119 na technologie druku, do\u015bwiadczenie firmy oraz mo\u017cliwo\u015bci personalizacji, kt\u00f3re umo\u017cliwi\u0105 dopasowanie kalendarza do specyficznych potrzeb ka\u017cdego klienta.<\/p>\t\t\t\t\t\t<\/div>\n\t\t\t\t<\/div>\n\t\t\t\t\t<\/div>\n\t\t<\/div>\n\t\t\t\t\t<\/div>\n\t\t<\/section>\n\t\t\t\t<section class=\"elementor-section elementor-top-section elementor-element elementor-element-3f5aa04 elementor-section-boxed elementor-section-height-default elementor-section-height-default\" data-id=\"3f5aa04\" data-element_type=\"section\">\n\t\t\t\t\t\t<div class=\"elementor-container elementor-column-gap-default\">\n\t\t\t\t\t<div class=\"elementor-column elementor-col-100 elementor-top-column elementor-element elementor-element-497388e\" data-id=\"497388e\" data-element_type=\"column\">\n\t\t\t<div class=\"elementor-widget-wrap elementor-element-populated\">\n\t\t\t\t\t\t<div class=\"elementor-element elementor-element-eb34b53 elementor-widget elementor-widget-text-editor\" data-id=\"eb34b53\" data-element_type=\"widget\" data-widget_type=\"text-editor.default\">\n\t\t\t\t<div class=\"elementor-widget-container\">\n\t\t\t\t\t\t\t<h2>Kalendarze tr\u00f3jdzielne &#8211; druk \u015bl\u0105skie <\/h2><p>Nasz drukarnia oferuje kompleksowy druk kalendarzy tr\u00f3jdzielnych, wykorzystuj\u0105c nowoczesne maszyny offsetowe, takie jak Heidelberg Speedmaster CD 102 5L, kt\u00f3re zapewniaj\u0105 precyzyjn\u0105 jako\u015b\u0107 druku i szybki czas realizacji. Produkuje r\u00f3wnie\u017c metalowe listwy do oprawy kalendarzy, co czyni ofert\u0119 wszechstronn\u0105 i dostosowan\u0105 do r\u00f3\u017cnych potrzeb. EVJA wyr\u00f3\u017cnia si\u0119 konkurencyjnymi cenami, szczeg\u00f3lnie atrakcyjnymi przy wi\u0119kszych zam\u00f3wieniach. <\/p>\t\t\t\t\t\t<\/div>\n\t\t\t\t<\/div>\n\t\t\t\t\t<\/div>\n\t\t<\/div>\n\t\t\t\t\t<\/div>\n\t\t<\/section>\n\t\t\t\t<\/div>\n\t\t","protected":false},"excerpt":{"rendered":"<p>Drukarnia &#8211; kalendarze tr\u00f3jdzielne z personalizowan\u0105 grafik\u0105 Drukowanie kalendarzy tr\u00f3jdzielnych to popularna us\u0142uga oferowana przez wiele drukarni, zw\u0142aszcza tych specjalizuj\u0105cych [&hellip;]<\/p>\n","protected":false},"author":4,"featured_media":0,"parent":0,"menu_order":0,"comment_status":"closed","ping_status":"closed","template":"","meta":{"site-sidebar-layout":"no-sidebar","site-content-layout":"","ast-site-content-layout":"full-width-container","site-content-style":"default","site-sidebar-style":"default","ast-global-header-display":"","ast-banner-title-visibility":"","ast-main-header-display":"","ast-hfb-above-header-display":"","ast-hfb-below-header-display":"","ast-hfb-mobile-header-display":"","site-post-title":"disabled","ast-breadcrumbs-content":"","ast-featured-img":"disabled","footer-sml-layout":"","theme-transparent-header-meta":"","adv-header-id-meta":"","stick-header-meta":"","header-above-stick-meta":"","header-main-stick-meta":"","header-below-stick-meta":"","astra-migrate-meta-layouts":"default","ast-page-background-enabled":"default","ast-page-background-meta":{"desktop":{"background-color":"var(--ast-global-color-4)","background-image":"","background-repeat":"repeat","background-position":"center center","background-size":"auto","background-attachment":"scroll","background-type":"","background-media":"","overlay-type":"","overlay-color":"","overlay-opacity":"","overlay-gradient":""},"tablet":{"background-color":"","background-image":"","background-repeat":"repeat","background-position":"center center","background-size":"auto","background-attachment":"scroll","background-type":"","background-media":"","overlay-type":"","overlay-color":"","overlay-opacity":"","overlay-gradient":""},"mobile":{"background-color":"","background-image":"","background-repeat":"repeat","background-position":"center center","background-size":"auto","background-attachment":"scroll","background-type":"","background-media":"","overlay-type":"","overlay-color":"","overlay-opacity":"","overlay-gradient":""}},"ast-content-background-meta":{"desktop":{"background-color":"var(--ast-global-color-5)","background-image":"","background-repeat":"repeat","background-position":"center center","background-size":"auto","background-attachment":"scroll","background-type":"","background-media":"","overlay-type":"","overlay-color":"","overlay-opacity":"","overlay-gradient":""},"tablet":{"background-color":"var(--ast-global-color-5)","background-image":"","background-repeat":"repeat","background-position":"center center","background-size":"auto","background-attachment":"scroll","background-type":"","background-media":"","overlay-type":"","overlay-color":"","overlay-opacity":"","overlay-gradient":""},"mobile":{"background-color":"var(--ast-global-color-5)","background-image":"","background-repeat":"repeat","background-position":"center center","background-size":"auto","background-attachment":"scroll","background-type":"","background-media":"","overlay-type":"","overlay-color":"","overlay-opacity":"","overlay-gradient":""}},"footnotes":""},"class_list":["post-499","page","type-page","status-publish","hentry"],"yoast_head":"<!-- This site is optimized with the Yoast SEO plugin v23.2 - https:\/\/yoast.com\/wordpress\/plugins\/seo\/ -->\n<title>Kalendarze tr\u00f3jdzielne | Drukarnia | evja.pl<\/title>\n<meta name=\"description\" content=\"Szukasz wysokiej jako\u015bci kalendarzy tr\u00f3jdzielnych? Zapraszamy do zapoznania si\u0119 z nasz\u0105 ofert\u0105 druku: precyzyjn\u0105 i wykorzystuj\u0105c\u0105 nowoczesne metody.\" \/>\n<meta name=\"robots\" content=\"index, follow, max-snippet:-1, max-image-preview:large, max-video-preview:-1\" \/>\n<link rel=\"canonical\" href=\"https:\/\/evja.pl\/index.php\/druk-kalendarzy-trojdzielnych\/\" \/>\n<meta property=\"og:locale\" content=\"pl_PL\" \/>\n<meta property=\"og:type\" content=\"article\" \/>\n<meta property=\"og:title\" content=\"Kalendarze tr\u00f3jdzielne | Drukarnia | evja.pl\" \/>\n<meta property=\"og:description\" content=\"Szukasz wysokiej jako\u015bci kalendarzy tr\u00f3jdzielnych? Zapraszamy do zapoznania si\u0119 z nasz\u0105 ofert\u0105 druku: precyzyjn\u0105 i wykorzystuj\u0105c\u0105 nowoczesne metody.\" \/>\n<meta property=\"og:url\" content=\"https:\/\/evja.pl\/index.php\/druk-kalendarzy-trojdzielnych\/\" \/>\n<meta property=\"og:site_name\" content=\"EVJA\" \/>\n<meta property=\"article:modified_time\" content=\"2025-03-13T11:16:55+00:00\" \/>\n<meta property=\"og:image\" content=\"https:\/\/evja.pl\/wp-content\/uploads\/2024\/02\/4dc00bcf-0646-4133-88c9-a1a22aaa6bec-768x768.jpg\" \/>\n<meta name=\"twitter:card\" content=\"summary_large_image\" \/>\n<meta name=\"twitter:label1\" content=\"Szacowany czas czytania\" \/>\n\t<meta name=\"twitter:data1\" content=\"2 minuty\" \/>\n<script type=\"application\/ld+json\" class=\"yoast-schema-graph\">{\"@context\":\"https:\/\/schema.org\",\"@graph\":[{\"@type\":\"WebPage\",\"@id\":\"https:\/\/evja.pl\/index.php\/druk-kalendarzy-trojdzielnych\/\",\"url\":\"https:\/\/evja.pl\/index.php\/druk-kalendarzy-trojdzielnych\/\",\"name\":\"Kalendarze tr\u00f3jdzielne | Drukarnia | evja.pl\",\"isPartOf\":{\"@id\":\"https:\/\/evja.pl\/#website\"},\"primaryImageOfPage\":{\"@id\":\"https:\/\/evja.pl\/index.php\/druk-kalendarzy-trojdzielnych\/#primaryimage\"},\"image\":{\"@id\":\"https:\/\/evja.pl\/index.php\/druk-kalendarzy-trojdzielnych\/#primaryimage\"},\"thumbnailUrl\":\"https:\/\/evja.pl\/wp-content\/uploads\/2024\/02\/4dc00bcf-0646-4133-88c9-a1a22aaa6bec-768x768.jpg\",\"datePublished\":\"2025-03-13T11:15:44+00:00\",\"dateModified\":\"2025-03-13T11:16:55+00:00\",\"description\":\"Szukasz wysokiej jako\u015bci kalendarzy tr\u00f3jdzielnych? Zapraszamy do zapoznania si\u0119 z nasz\u0105 ofert\u0105 druku: precyzyjn\u0105 i wykorzystuj\u0105c\u0105 nowoczesne metody.\",\"breadcrumb\":{\"@id\":\"https:\/\/evja.pl\/index.php\/druk-kalendarzy-trojdzielnych\/#breadcrumb\"},\"inLanguage\":\"pl-PL\",\"potentialAction\":[{\"@type\":\"ReadAction\",\"target\":[\"https:\/\/evja.pl\/index.php\/druk-kalendarzy-trojdzielnych\/\"]}]},{\"@type\":\"ImageObject\",\"inLanguage\":\"pl-PL\",\"@id\":\"https:\/\/evja.pl\/index.php\/druk-kalendarzy-trojdzielnych\/#primaryimage\",\"url\":\"https:\/\/evja.pl\/wp-content\/uploads\/2024\/02\/4dc00bcf-0646-4133-88c9-a1a22aaa6bec.jpg\",\"contentUrl\":\"https:\/\/evja.pl\/wp-content\/uploads\/2024\/02\/4dc00bcf-0646-4133-88c9-a1a22aaa6bec.jpg\",\"width\":1024,\"height\":1024,\"caption\":\"kalendarze firmowe drukarnia\"},{\"@type\":\"BreadcrumbList\",\"@id\":\"https:\/\/evja.pl\/index.php\/druk-kalendarzy-trojdzielnych\/#breadcrumb\",\"itemListElement\":[{\"@type\":\"ListItem\",\"position\":1,\"name\":\"Strona g\u0142\u00f3wna\",\"item\":\"https:\/\/evja.pl\/\"},{\"@type\":\"ListItem\",\"position\":2,\"name\":\"Druk kalendarzy tr\u00f3jdzielnych\"}]},{\"@type\":\"WebSite\",\"@id\":\"https:\/\/evja.pl\/#website\",\"url\":\"https:\/\/evja.pl\/\",\"name\":\"EVJA\",\"description\":\"\",\"publisher\":{\"@id\":\"https:\/\/evja.pl\/#organization\"},\"potentialAction\":[{\"@type\":\"SearchAction\",\"target\":{\"@type\":\"EntryPoint\",\"urlTemplate\":\"https:\/\/evja.pl\/?s={search_term_string}\"},\"query-input\":\"required name=search_term_string\"}],\"inLanguage\":\"pl-PL\"},{\"@type\":\"Organization\",\"@id\":\"https:\/\/evja.pl\/#organization\",\"name\":\"EVJA\",\"url\":\"https:\/\/evja.pl\/\",\"logo\":{\"@type\":\"ImageObject\",\"inLanguage\":\"pl-PL\",\"@id\":\"https:\/\/evja.pl\/#\/schema\/logo\/image\/\",\"url\":\"https:\/\/evja.pl\/wp-content\/uploads\/2022\/02\/cropped-cropped-evjalogomail-1.png\",\"contentUrl\":\"https:\/\/evja.pl\/wp-content\/uploads\/2022\/02\/cropped-cropped-evjalogomail-1.png\",\"width\":81,\"height\":85,\"caption\":\"EVJA\"},\"image\":{\"@id\":\"https:\/\/evja.pl\/#\/schema\/logo\/image\/\"}}]}<\/script>\n<!-- \/ Yoast SEO plugin. -->","yoast_head_json":{"title":"Kalendarze tr\u00f3jdzielne | Drukarnia | evja.pl","description":"Szukasz wysokiej jako\u015bci kalendarzy tr\u00f3jdzielnych? Zapraszamy do zapoznania si\u0119 z nasz\u0105 ofert\u0105 druku: precyzyjn\u0105 i wykorzystuj\u0105c\u0105 nowoczesne metody.","robots":{"index":"index","follow":"follow","max-snippet":"max-snippet:-1","max-image-preview":"max-image-preview:large","max-video-preview":"max-video-preview:-1"},"canonical":"https:\/\/evja.pl\/index.php\/druk-kalendarzy-trojdzielnych\/","og_locale":"pl_PL","og_type":"article","og_title":"Kalendarze tr\u00f3jdzielne | Drukarnia | evja.pl","og_description":"Szukasz wysokiej jako\u015bci kalendarzy tr\u00f3jdzielnych? Zapraszamy do zapoznania si\u0119 z nasz\u0105 ofert\u0105 druku: precyzyjn\u0105 i wykorzystuj\u0105c\u0105 nowoczesne metody.","og_url":"https:\/\/evja.pl\/index.php\/druk-kalendarzy-trojdzielnych\/","og_site_name":"EVJA","article_modified_time":"2025-03-13T11:16:55+00:00","og_image":[{"url":"https:\/\/evja.pl\/wp-content\/uploads\/2024\/02\/4dc00bcf-0646-4133-88c9-a1a22aaa6bec-768x768.jpg"}],"twitter_card":"summary_large_image","twitter_misc":{"Szacowany czas czytania":"2 minuty"},"schema":{"@context":"https:\/\/schema.org","@graph":[{"@type":"WebPage","@id":"https:\/\/evja.pl\/index.php\/druk-kalendarzy-trojdzielnych\/","url":"https:\/\/evja.pl\/index.php\/druk-kalendarzy-trojdzielnych\/","name":"Kalendarze tr\u00f3jdzielne | Drukarnia | evja.pl","isPartOf":{"@id":"https:\/\/evja.pl\/#website"},"primaryImageOfPage":{"@id":"https:\/\/evja.pl\/index.php\/druk-kalendarzy-trojdzielnych\/#primaryimage"},"image":{"@id":"https:\/\/evja.pl\/index.php\/druk-kalendarzy-trojdzielnych\/#primaryimage"},"thumbnailUrl":"https:\/\/evja.pl\/wp-content\/uploads\/2024\/02\/4dc00bcf-0646-4133-88c9-a1a22aaa6bec-768x768.jpg","datePublished":"2025-03-13T11:15:44+00:00","dateModified":"2025-03-13T11:16:55+00:00","description":"Szukasz wysokiej jako\u015bci kalendarzy tr\u00f3jdzielnych? Zapraszamy do zapoznania si\u0119 z nasz\u0105 ofert\u0105 druku: precyzyjn\u0105 i wykorzystuj\u0105c\u0105 nowoczesne metody.","breadcrumb":{"@id":"https:\/\/evja.pl\/index.php\/druk-kalendarzy-trojdzielnych\/#breadcrumb"},"inLanguage":"pl-PL","potentialAction":[{"@type":"ReadAction","target":["https:\/\/evja.pl\/index.php\/druk-kalendarzy-trojdzielnych\/"]}]},{"@type":"ImageObject","inLanguage":"pl-PL","@id":"https:\/\/evja.pl\/index.php\/druk-kalendarzy-trojdzielnych\/#primaryimage","url":"https:\/\/evja.pl\/wp-content\/uploads\/2024\/02\/4dc00bcf-0646-4133-88c9-a1a22aaa6bec.jpg","contentUrl":"https:\/\/evja.pl\/wp-content\/uploads\/2024\/02\/4dc00bcf-0646-4133-88c9-a1a22aaa6bec.jpg","width":1024,"height":1024,"caption":"kalendarze firmowe drukarnia"},{"@type":"BreadcrumbList","@id":"https:\/\/evja.pl\/index.php\/druk-kalendarzy-trojdzielnych\/#breadcrumb","itemListElement":[{"@type":"ListItem","position":1,"name":"Strona g\u0142\u00f3wna","item":"https:\/\/evja.pl\/"},{"@type":"ListItem","position":2,"name":"Druk kalendarzy tr\u00f3jdzielnych"}]},{"@type":"WebSite","@id":"https:\/\/evja.pl\/#website","url":"https:\/\/evja.pl\/","name":"EVJA","description":"","publisher":{"@id":"https:\/\/evja.pl\/#organization"},"potentialAction":[{"@type":"SearchAction","target":{"@type":"EntryPoint","urlTemplate":"https:\/\/evja.pl\/?s={search_term_string}"},"query-input":"required name=search_term_string"}],"inLanguage":"pl-PL"},{"@type":"Organization","@id":"https:\/\/evja.pl\/#organization","name":"EVJA","url":"https:\/\/evja.pl\/","logo":{"@type":"ImageObject","inLanguage":"pl-PL","@id":"https:\/\/evja.pl\/#\/schema\/logo\/image\/","url":"https:\/\/evja.pl\/wp-content\/uploads\/2022\/02\/cropped-cropped-evjalogomail-1.png","contentUrl":"https:\/\/evja.pl\/wp-content\/uploads\/2022\/02\/cropped-cropped-evjalogomail-1.png","width":81,"height":85,"caption":"EVJA"},"image":{"@id":"https:\/\/evja.pl\/#\/schema\/logo\/image\/"}}]}},"_links":{"self":[{"href":"https:\/\/evja.pl\/index.php\/wp-json\/wp\/v2\/pages\/499","targetHints":{"allow":["GET"]}}],"collection":[{"href":"https:\/\/evja.pl\/index.php\/wp-json\/wp\/v2\/pages"}],"about":[{"href":"https:\/\/evja.pl\/index.php\/wp-json\/wp\/v2\/types\/page"}],"author":[{"embeddable":true,"href":"https:\/\/evja.pl\/index.php\/wp-json\/wp\/v2\/users\/4"}],"replies":[{"embeddable":true,"href":"https:\/\/evja.pl\/index.php\/wp-json\/wp\/v2\/comments?post=499"}],"version-history":[{"count":4,"href":"https:\/\/evja.pl\/index.php\/wp-json\/wp\/v2\/pages\/499\/revisions"}],"predecessor-version":[{"id":503,"href":"https:\/\/evja.pl\/index.php\/wp-json\/wp\/v2\/pages\/499\/revisions\/503"}],"wp:attachment":[{"href":"https:\/\/evja.pl\/index.php\/wp-json\/wp\/v2\/media?parent=499"}],"curies":[{"name":"wp","href":"https:\/\/api.w.org\/{rel}","templated":true}]}}